{"id":186,"date":"2013-05-22T10:12:19","date_gmt":"2013-05-22T08:12:19","guid":{"rendered":"http:\/\/www.javorszky.hu\/wordpress\/?page_id=186"},"modified":"2026-02-23T14:41:11","modified_gmt":"2026-02-23T13:41:11","slug":"mellkozpont","status":"publish","type":"page","link":"http:\/\/www.javorszky.hu\/wordpress\/?page_id=186","title":{"rendered":"Mellk\u00f6zpont (mammogr\u00e1fi\u00e1s eml\u0151sz\u0171r\u00e9s \u00e9s diagnosztika)"},"content":{"rendered":"<div class=\"wp-block-image\">\n<figure class=\"aligncenter size-large is-resized\"><a href=\"https:\/\/www.javorszky.hu\/wordpress\/wp-content\/uploads\/2026\/02\/Mammo-uj--scaled.jpg\"><img loading=\"lazy\" src=\"https:\/\/www.javorszky.hu\/wordpress\/wp-content\/uploads\/2026\/02\/Mammo-uj--1024x577.jpg\" alt=\"\" class=\"wp-image-9816\" width=\"555\" height=\"313\" srcset=\"http:\/\/www.javorszky.hu\/wordpress\/wp-content\/uploads\/2026\/02\/Mammo-uj--1024x577.jpg 1024w, http:\/\/www.javorszky.hu\/wordpress\/wp-content\/uploads\/2026\/02\/Mammo-uj--300x169.jpg 300w, http:\/\/www.javorszky.hu\/wordpress\/wp-content\/uploads\/2026\/02\/Mammo-uj--768x432.jpg 768w, http:\/\/www.javorszky.hu\/wordpress\/wp-content\/uploads\/2026\/02\/Mammo-uj--1536x865.jpg 1536w, http:\/\/www.javorszky.hu\/wordpress\/wp-content\/uploads\/2026\/02\/Mammo-uj--2048x1153.jpg 2048w, http:\/\/www.javorszky.hu\/wordpress\/wp-content\/uploads\/2026\/02\/Mammo-uj--320x180.jpg 320w\" sizes=\"(max-width: 555px) 100vw, 555px\" \/><\/a><figcaption>Sz\u0171r\u00e9s<\/figcaption><\/figure><\/div>\n\n<div class=\"wp-block-image\">\n<figure class=\"aligncenter size-large is-resized\"><a href=\"https:\/\/www.javorszky.hu\/wordpress\/wp-content\/uploads\/2026\/02\/Mammo-uj-varo-scaled.jpg\"><img loading=\"lazy\" src=\"https:\/\/www.javorszky.hu\/wordpress\/wp-content\/uploads\/2026\/02\/Mammo-uj-varo-1024x577.jpg\" alt=\"\" class=\"wp-image-9817\" width=\"582\" height=\"328\" srcset=\"http:\/\/www.javorszky.hu\/wordpress\/wp-content\/uploads\/2026\/02\/Mammo-uj-varo-1024x577.jpg 1024w, http:\/\/www.javorszky.hu\/wordpress\/wp-content\/uploads\/2026\/02\/Mammo-uj-varo-300x169.jpg 300w, http:\/\/www.javorszky.hu\/wordpress\/wp-content\/uploads\/2026\/02\/Mammo-uj-varo-768x432.jpg 768w, http:\/\/www.javorszky.hu\/wordpress\/wp-content\/uploads\/2026\/02\/Mammo-uj-varo-1536x865.jpg 1536w, http:\/\/www.javorszky.hu\/wordpress\/wp-content\/uploads\/2026\/02\/Mammo-uj-varo-2048x1153.jpg 2048w, http:\/\/www.javorszky.hu\/wordpress\/wp-content\/uploads\/2026\/02\/Mammo-uj-varo-320x180.jpg 320w\" sizes=\"(max-width: 582px) 100vw, 582px\" \/><\/a><figcaption>V\u00e1r\u00f3<\/figcaption><\/figure><\/div>\n\n\n<p><span style=\"text-decoration: underline;\"><strong><span class=\"has-inline-color has-vivid-cyan-blue-color\">Orvosaink: <\/span><\/strong><\/span><\/p>\n\n\n\n<p><strong>dr. Forrai G\u00e1bor <\/strong>PhD k\u00f6zpont vezet\u0151 f\u0151orvos<\/p>\n\n\n\n<p><strong>dr. Bidlek M\u00e1ria<\/strong> f\u0151orvos<\/p>\n\n\n\n<p><strong>dr. Kov\u00e1cs Eszter<\/strong><\/p>\n\n\n\n<p><strong>dr. Szomj\u00e1k Anett<\/strong><\/p>\n\n\n\n<p><strong>Mezei-Koll\u00e1r Erika <\/strong>vezet\u0151 asszisztens<\/p>\n\n\n\n<hr class=\"wp-block-separator has-css-opacity\"\/>\n\n\n\n<h3 class=\"has-vivid-cyan-blue-color has-text-color\"><strong>Rendel\u00e9si id\u0151<\/strong><\/h3>\n\n\n\n<figure class=\"wp-block-table is-style-stripes\"><table class=\"has-pale-cyan-blue-background-color has-background\"><thead><tr><th><\/th><th class=\"has-text-align-center\" data-align=\"center\"><strong>H\u00e9tf\u0151<\/strong><\/th><th class=\"has-text-align-center\" data-align=\"center\"><strong>Kedd<\/strong><\/th><th class=\"has-text-align-center\" data-align=\"center\"><strong>Szerda<\/strong><\/th><th class=\"has-text-align-center\" data-align=\"center\"><strong>Cs\u00fct\u00f6rt\u00f6k<\/strong><\/th><th class=\"has-text-align-center\" data-align=\"center\"><strong>P\u00e9ntek<\/strong><\/th><\/tr><\/thead><tbody><tr><td><strong>Telefonos inform\u00e1ci\u00f3<\/strong><\/td><td class=\"has-text-align-center\" data-align=\"center\"><strong>8:30-14:30<\/strong><\/td><td class=\"has-text-align-center\" data-align=\"center\"><strong>8:30-14:30<\/strong><\/td><td class=\"has-text-align-center\" data-align=\"center\"><strong>8:30-14:30<\/strong><\/td><td class=\"has-text-align-center\" data-align=\"center\"><strong>8:30-14:30<\/strong><\/td><td class=\"has-text-align-center\" data-align=\"center\"><strong>8:30-14:30<\/strong><\/td><\/tr><tr><td><strong>Sz\u0171r\u00e9s<\/strong><\/td><td class=\"has-text-align-center\" data-align=\"center\"><strong>8:00-14:30<\/strong><\/td><td class=\"has-text-align-center\" data-align=\"center\"><strong>8:00-14:30<\/strong><\/td><td class=\"has-text-align-center\" data-align=\"center\"><strong>8:00-14:30<\/strong><\/td><td class=\"has-text-align-center\" data-align=\"center\"><strong>8:00-14:30<\/strong><\/td><td class=\"has-text-align-center\" data-align=\"center\"><strong>8:00-14:30<\/strong><\/td><\/tr><\/tbody><\/table><\/figure>\n\n\n\n<h3><strong><span class=\"has-inline-color has-vivid-cyan-blue-color\">El\u0151jegyz\u00e9s eml\u0151vizsg\u00e1latra <\/span><\/strong><\/h3>\n\n\n\n<p><strong>Telefon: <\/strong><\/p>\n\n\n\n<ul><li><strong>06 (27) 620-620 \/ 1436-os mell\u00e9k<\/strong><\/li><li><strong>&nbsp;06 (27) 620-693<\/strong><\/li><\/ul>\n\n\n\n<p><strong>Recepci\u00f3nk minden munkanap 8.30-14.30 \u00f3ra k\u00f6z\u00f6tt fogadja h\u00edv\u00e1s\u00e1t<\/strong>,<strong><mark style=\"background-color:rgba(0, 0, 0, 0)\" class=\"has-inline-color has-vivid-red-color\"> id\u0151pont foglal\u00e1s vizsg\u00e1latra minden h\u00f3nap els\u0151 h\u00e9tf\u0151j\u00e9n k\u00e9rhet\u0151 !<\/mark><\/strong><\/p>\n\n\n\n<p><em>K\u00e9rj\u00fck, vegye figyelembe, hogy k\u00f6zpontunk havi t\u00f6bb ezer eml\u0151vizsg\u00e1latot v\u00e9gez, ez\u00e9rt el\u0151fordulhatnak t\u00falterhelt id\u0151szakok. Ilyen esetben k\u00e9rj\u00fck, hogy k\u00e9s\u0151bb telefon\u00e1ljon. Meg\u00e9rt\u00e9s\u00e9t k\u00f6sz\u00f6nj\u00fck.<\/em><\/p>\n\n\n\n<ul><li><strong>Minden komplex eml\u0151vizsg\u00e1lat (mammogr\u00e1fia, ultrahang, stb.) el\u0151jegyz\u00e9s alapj\u00e1n t\u00f6rt\u00e9nik.<\/strong> AZ EML\u0150VIZSG\u00c1LATOK EL\u0150JEGYZ\u00c9S\u00c9HEZ SZ\u00c1MOS ADAT SZ\u00dcKS\u00c9GES (PL. \u00c9LETKOR, MENSTRU\u00c1CI\u00d3S CIKLUS, PANASZ JELLEGE, KOR\u00c1BBI VIZSG\u00c1LATOKR\u00d3L, BEAVATKOZ\u00c1SOKR\u00d3L INFORM\u00c1CI\u00d3K, STB), EZ\u00c9RT <strong>NEM LEHETS\u00c9GES <\/strong>INTERNETES <strong>ONLINE EL\u0150JEGYZ\u00c9S<\/strong> BIZTOS\u00cdT\u00c1SA. A FENTIEK MIATT AZ ID\u0150PONT EGYEZTET\u00c9SHEZ FELT\u00c9TLEN\u00dcL<strong> TELEFONON SZ\u00dcKS\u00c9GES EGYEZTETNIE<\/strong> ADMINISZTR\u00c1TORUNKKAL. <\/li><\/ul>\n\n\n\n<ul><li><strong>Amennyiben \u00d6n sz\u0171r\u00e9si beh\u00edv\u00f3levelet kapott, nem kell el\u0151jegyz\u00e9st k\u00e9rnie, hanem a lev\u00e9lben megjel\u00f6lt id\u0151pontban v\u00e1rjuk a vizsg\u00e1latra. Id\u0151pontot, d\u00e1tumot m\u00f3dos\u00edtani a fenti telefonsz\u00e1mon lehet.<\/strong><\/li><\/ul>\n\n\n\n<h3><mark style=\"background-color:rgba(0, 0, 0, 0)\" class=\"has-inline-color has-vivid-cyan-blue-color\">Mit kell mag\u00e1val hozni a vizsg\u00e1latra?<\/mark><\/h3>\n\n\n\n<ul><li><strong>beutal\u00f3t (ha post\u00e1n sz\u0171r\u00e9si beh\u00edv\u00f3levelet kapott, akkor azt hozza mag\u00e1val, beutal\u00f3 nem kell)<\/strong><\/li><li><strong>TAJ-k\u00e1rty\u00e1t<\/strong><\/li><li><strong>szem\u00e9lyi igazolv\u00e1nyt<\/strong><\/li><li><strong>esetleges kor\u00e1bbi eml\u0151vizsg\u00e1latainak eredm\u00e9nyeit (leletek, z\u00e1r\u00f3jelent\u00e9sek, sz\u00f6vettanok)<\/strong><\/li><li><strong>amennyiben el\u00e9rhet\u0151k, a kor\u00e1bbi mammogr\u00e1fia, eml\u0151 ultrahang, eml\u0151 MR k\u00e9peit (r\u00f6ntgenfilmek vagy CD).<\/strong><\/li><\/ul>\n\n\n\n<h3><mark style=\"background-color:rgba(0, 0, 0, 0)\" class=\"has-inline-color has-vivid-cyan-blue-color\">Hol tal\u00e1l meg minket?<\/mark><\/h3>\n\n\n\n<p><strong>J\u00e1vorszky \u00d6d\u00f6n K\u00f3rh\u00e1z, Szakrendel\u0151 \u00e9p\u00fclet, 1. emelet, V\u00e1ci Mellk\u00f6zpont recepci\u00f3<\/strong><\/p>\n\n\n\n<p><strong><em>2600 V\u00e1c, Argenti D\u00f6me t\u00e9r 1-3.<\/em><\/strong><\/p>\n\n\n\n<h3><mark style=\"background-color:rgba(0, 0, 0, 0)\" class=\"has-inline-color has-vivid-cyan-blue-color\">Hogyan \u00f6lt\u00f6zz\u00f6n?<\/mark><\/h3>\n\n\n\n<p>K\u00e9rj\u00fck, \u00fagy \u00f6lt\u00f6zz\u00f6n, hogy a fels\u0151test\u00e9t k\u00f6nnyen szabadd\u00e1 tudja tenni a vizsg\u00e1lathoz.<\/p>\n\n\n\n<h3><mark style=\"background-color:rgba(0, 0, 0, 0)\" class=\"has-inline-color has-vivid-cyan-blue-color\">Hogyan zajlik a sz\u0171r\u0151vizsg\u00e1lat?<\/mark><\/h3>\n\n\n\n<p>Adategyeztet\u00e9s ut\u00e1n a r\u00f6ntgenasszisztens kik\u00e9rdezi \u00d6nt a kor\u00e1bbi betegs\u00e9geir\u0151l \u00e9s eml\u0151vel kapcsolatos esetleges beavatkoz\u00e1sokr\u00f3l, valamint a csal\u00e1di el\u0151zm\u00e9nyekr\u0151l. Tapint\u00e1sos vizsg\u00e1lat t\u00f6rt\u00e9nik, ezt k\u00f6vet\u0151en mindk\u00e9t eml\u0151r\u0151l k\u00e9t-k\u00e9t mammogr\u00e1fi\u00e1s felv\u00e9tel k\u00e9sz\u00fcl.<\/p>\n\n\n\n<p>Nem kell az eredm\u00e9nyre v\u00e1rnia. Az elk\u00e9sz\u00fclt mammogr\u00e1fi\u00e1s felv\u00e9teleket \u2013 a legnagyobb biztons\u00e1g \u00e9rdek\u00e9ben \u2013 k\u00e9t eml\u0151 radiol\u00f3gus egym\u00e1st\u00f3l f\u00fcggetlen\u00fcl, kb. egy h\u00e9ten bel\u00fcl ki\u00e9rt\u00e9keli. Negat\u00edv esetben err\u0151l nem kap k\u00fcl\u00f6n \u00e9rtes\u00edt\u00e9st.&nbsp; Amennyiben m\u00e9gis sz\u00fcks\u00e9ge lenne leletre, k\u00e9rj\u00fck, hogy megc\u00edmzett, felb\u00e9lyegzett bor\u00edt\u00e9kot hozzon mag\u00e1val.<\/p>\n\n\n\n<p>Amennyiben b\u00e1rmilyen, tiszt\u00e1z\u00e1sra v\u00e1r\u00f3 elt\u00e9r\u00e9st l\u00e1tunk, telefonon visszah\u00edvjuk \u00d6nt kieg\u00e9sz\u00edt\u0151 vizsg\u00e1latra (c\u00e9lzott mammogr\u00e1fi\u00e1s felv\u00e9tel, ultrahang). Nagyon ritk\u00e1n mintav\u00e9telre is sz\u00fcks\u00e9g lehet. Fontos tudnia, hogy a visszah\u00edv\u00e1s nem jelenti azt, hogy eml\u0151daganata van \u2013 a visszah\u00edvott h\u00f6lgyeknek csak egy t\u00f6red\u00e9k\u00e9ben igazol\u00f3dik b\u00e1rmilyen betegs\u00e9g. Ennek ellen\u00e9re, ha h\u00edvjuk, mindenk\u00e9ppen j\u00f6jj\u00f6n vissza, mert lehet, hogy \u00e9ppen \u00d6nn\u00e9l tal\u00e1ltunk k\u00f3ros elv\u00e1ltoz\u00e1st.<\/p>\n\n\n\n<h3><mark style=\"background-color:rgba(0, 0, 0, 0)\" class=\"has-inline-color has-vivid-cyan-blue-color\">Hogyan zajlik a komplex eml\u0151vizsg\u00e1lat?<\/mark><\/h3>\n\n\n\n<p>Adategyeztet\u00e9s ut\u00e1n a r\u00f6ntgenasszisztens elk\u00e9sz\u00edti a mammogr\u00e1fi\u00e1s alapfelv\u00e9teleket, majd az eml\u0151 radiol\u00f3gus orvos fogja \u00d6nt kik\u00e9rdezni a panaszair\u00f3l, el\u0151zm\u00e9nyeir\u0151l. Tapint\u00e1sos vizsg\u00e1latot v\u00e9gez, majd sz\u00fcks\u00e9g eset\u00e9n ultrahang vizsg\u00e1latot. B\u00e1rmilyen elv\u00e1ltoz\u00e1s eset\u00e9n kieg\u00e9sz\u00edt\u0151 mammogr\u00e1fi\u00e1s felv\u00e9telek, ritk\u00e1n mintav\u00e9tel k\u00e9sz\u00fclhetnek. Az \u00edr\u00e1sos leletet meg lehet v\u00e1rni, vagy k\u00e9s\u0151bb is vissza lehet j\u00f6nni \u00e9rte. A lelet \u00e1tv\u00e9tel\u00e9t al\u00e1\u00edr\u00e1s\u00e1val kell igazolnia.<\/p>\n\n\n\n<p>Megjegyezz\u00fck, hogy mintav\u00e9tel eset\u00e9n a cytol\u00f3giai vagy sz\u00f6vettani lelet\u00e9rt k\u00e9s\u0151bbi id\u0151pontban, szem\u00e9lyesen kell visszaj\u00f6nnie. Ilyenkor mindig az orvos adja ki \u00d6nnek a leletet, elmagyar\u00e1zza a tartalm\u00e1t, \u00e9s a tov\u00e1bbi teend\u0151ket, teh\u00e1t m\u00f3d van a k\u00e9rd\u00e9seit feltenni, b\u00e1rmit megbesz\u00e9lni.<\/p>\n\n\n\n<h3><mark style=\"background-color:rgba(0, 0, 0, 0)\" class=\"has-inline-color has-vivid-cyan-blue-color\">Kell-e ultrahang vizsg\u00e1lat?<\/mark><\/h3>\n\n\n\n<p>Fontos tudnival\u00f3, hogy k\u00e9tf\u00e9le eml\u0151vizsg\u00e1lat t\u00f6rt\u00e9nhet:<\/p>\n\n\n\n<p>1) A <strong>panaszmentes h\u00f6lgyek eml\u0151sz\u0171r\u0151<\/strong> alapvizsg\u00e1lata a mammogr\u00e1fia. Ez a m\u00f3dszer alkalmas arra, hogy apr\u00f3, kezd\u0151d\u0151 eml\u0151daganatokat megtal\u00e1ljon. Ultrahang vizsg\u00e1latra a sz\u0171r\u00e9shez nincsen sz\u00fcks\u00e9g, csak ha a ki\u00e9rt\u00e9kel\u0151 radiol\u00f3gus ezt javasolja, Ilyenkor vissza fogjuk \u00d6nt h\u00edvni az ultrahang vizsg\u00e1latra.<\/p>\n\n\n\n<p>2) <strong>Panasz eset\u00e9n<\/strong> (tapinthat\u00f3 csom\u00f3, v\u00e1lad\u00e9koz\u00e1s, gyullad\u00e1sos jelek, friss bimb\u00f3 beh\u00faz\u00f3d\u00e1s) nem sz\u0171r\u0151vizsg\u00e1latra, hanem \u2013 \u00e1ltal\u00e1ban ultrahang vizsg\u00e1latot is tartalmaz\u00f3 \u2013 komplex eml\u0151vizsg\u00e1latra kell jelentkeznie. \u00d6nmag\u00e1ban az eml\u0151 f\u00e1jdalom nem sz\u00e1m\u00edt ilyen panasznak.<\/p>\n\n\n\n<p>T\u00e1j\u00e9koztatjuk, hogy mammogr\u00e1fi\u00e1s sz\u0171r\u0151vizsg\u00e1latra \u00e1ltal\u00e1ban kor\u00e1bbi id\u0151pontot tudunk adni, mint komplex eml\u0151vizsg\u00e1latra.<\/p>\n\n\n\n<h3><mark style=\"background-color:rgba(0, 0, 0, 0)\" class=\"has-inline-color has-vivid-cyan-blue-color\">F\u00e1jdalmas-e a mammogr\u00e1fia?<\/mark><\/h3>\n\n\n\n<p>A megfelel\u0151 k\u00e9pmin\u0151s\u00e9g \u2013 azaz az \u00d6n \u00e9rdek\u00e9ben \u2013 a mell\u00e9t k\u00e9t m\u0171anyag lap k\u00f6z\u00e9 helyezz\u00fck, \u00e9s p\u00e1r m\u00e1sodpercre m\u00e9rs\u00e9kelten \u00f6sszenyomjuk. Ez \u00e1ltal\u00e1ban nem f\u00e1jdalmas, legfeljebb n\u00e9ha kicsit kellemetlen lehet. Amennyiben az \u00d6n melle a menstru\u00e1ci\u00f3s ciklus v\u00e9g\u00e9n k\u00fcl\u00f6n\u00f6sen \u00e9rz\u00e9keny szokott lenni, igyekezzen a ciklus els\u0151 fel\u00e9re (menstru\u00e1ci\u00f3 ut\u00e1ni els\u0151 k\u00e9t h\u00e9t) k\u00e9rni el\u0151jegyz\u00e9si id\u0151pontot. A h\u00f6lgyek d\u00f6nt\u0151 t\u00f6bbs\u00e9g\u00e9n\u00e9l nincs sz\u00fcks\u00e9g a vizsg\u00e1lati id\u0151szakra odafigyelni.<\/p>\n\n\n\n<h3><mark style=\"background-color:rgba(0, 0, 0, 0)\" class=\"has-inline-color has-vivid-cyan-blue-color\">Tudnival\u00f3k eml\u0151 implant\u00e1tum eset\u00e9n:<\/mark><\/h3>\n\n\n\n<p>K\u00f6zpontunkban magasan k\u00e9pzett asszisztensek dolgoznak, akik az implant\u00e1lt eml\u0151kn\u00e9l sz\u00fcks\u00e9ges, speci\u00e1lis Eklund felv\u00e9teleket el tudj\u00e1k k\u00e9sz\u00edteni. Ez a felv\u00e9tel sz\u00fcks\u00e9ges ahhoz, hogy az implant\u00e1tum ne takarja el a mirigy\u00e1llom\u00e1nyt, azaz a k\u00f3ros elv\u00e1ltoz\u00e1sok kisz\u0171rhet\u0151k legyenek. A szakmai el\u0151\u00edr\u00e1sok szerint 30\/35 \u00e9ves kor felett implant\u00e1lt eml\u0151r\u0151l is mammogr\u00e1fi\u00e1t kell k\u00e9sz\u00edteni, az ultrahang \u00f6nmag\u00e1ban nem elegend\u0151 eml\u0151daganatok megtal\u00e1l\u00e1s\u00e1ra vagy kiz\u00e1r\u00e1s\u00e1ra. Ne agg\u00f3djon, az Eklund felv\u00e9tel sor\u00e1n az implant\u00e1tumot f\u00e9lretoljuk, nem ker\u00fcl k\u00f6zvetlen\u00fcl \u00f6sszenyom\u00e1sra.<\/p>\n\n\n\n<h3><mark style=\"background-color:rgba(0, 0, 0, 0)\" class=\"has-inline-color has-vivid-cyan-blue-color\">L\u00e9tezik-e s\u00fcrg\u0151ss\u00e9gi eml\u0151vizsg\u00e1lat?<\/mark><\/h3>\n\n\n\n<p>Leggyakrabban terhess\u00e9g vagy szoptat\u00e1s idej\u00e9n, de ritk\u00e1n m\u00e1s id\u0151szakokban is fell\u00e9phet hirtelen kialakul\u00f3, b\u0151rp\u00edrral, nagy f\u00e1jdalommal, tapinthat\u00f3 elv\u00e1ltoz\u00e1ssal, h\u0151emelked\u00e9ssel vagy l\u00e1zzal j\u00e1r\u00f3 eml\u0151gyullad\u00e1s. Ilyen esetben, a beutal\u00f3 orvosa k\u00fcl\u00f6n k\u00e9r\u00e9s\u00e9re soron k\u00edv\u00fcl adunk id\u0151pontot. Tapinthat\u00f3 csom\u00f3 nem sz\u00e1m\u00edt s\u00fcrg\u0151ss\u00e9gi esetnek.<\/p>\n\n\n\n<h3><mark style=\"background-color:rgba(0, 0, 0, 0)\" class=\"has-inline-color has-vivid-cyan-blue-color\">F\u00e9rfiak eml\u0151vizsg\u00e1lata:<\/mark><\/h3>\n\n\n\n<p>F\u00e9rfi betegek eml\u0151panasza eset\u00e9n 30 \u00e9ves kor felett mammogr\u00e1fi\u00e1t \u00e9s ultrahangot, 30 \u00e9ves kor alatt \u00e1ltal\u00e1ban csak ultrahang vizsg\u00e1latot v\u00e9gz\u00fcnk, sz\u00fcks\u00e9g eset\u00e9n kieg\u00e9sz\u00edtve m\u00e1s vizsg\u00e1latokkal.<\/p>\n\n\n\n<p><strong>S<em>zeretettel v\u00e1rjuk k\u00f6zpontunkban! B\u00e1rmilyen eml\u0151panasz eset\u00e9n forduljon hozz\u00e1nk bizalommal. <\/em><\/strong><\/p>\n","protected":false},"excerpt":{"rendered":"<p>Orvosaink: dr. Forrai G\u00e1bor PhD k\u00f6zpont vezet\u0151 f\u0151orvos dr. Bidlek M\u00e1ria f\u0151orvos dr. Kov\u00e1cs Eszter dr. Szomj\u00e1k Anett Mezei-Koll\u00e1r Erika vezet\u0151 asszisztens Rendel\u00e9si id\u0151 H\u00e9tf\u0151 Kedd Szerda Cs\u00fct\u00f6rt\u00f6k P\u00e9ntek Telefonos inform\u00e1ci\u00f3 8:30-14:30 8:30-14:30 8:30-14:30 8:30-14:30 8:30-14:30 Sz\u0171r\u00e9s 8:00-14:30 8:00-14:30 8:00-14:30 8:00-14:30 8:00-14:30 El\u0151jegyz\u00e9s eml\u0151vizsg\u00e1latra Telefon: 06 (27) 620-620 \/ 1436-os mell\u00e9k &nbsp;06 (27) 620-693 Recepci\u00f3nk [&hellip;]<\/p>\n","protected":false},"author":1,"featured_media":0,"parent":0,"menu_order":0,"comment_status":"closed","ping_status":"closed","template":"","meta":[],"_links":{"self":[{"href":"http:\/\/www.javorszky.hu\/wordpress\/index.php?rest_route=\/wp\/v2\/pages\/186"}],"collection":[{"href":"http:\/\/www.javorszky.hu\/wordpress\/index.php?rest_route=\/wp\/v2\/pages"}],"about":[{"href":"http:\/\/www.javorszky.hu\/wordpress\/index.php?rest_route=\/wp\/v2\/types\/page"}],"author":[{"embeddable":true,"href":"http:\/\/www.javorszky.hu\/wordpress\/index.php?rest_route=\/wp\/v2\/users\/1"}],"replies":[{"embeddable":true,"href":"http:\/\/www.javorszky.hu\/wordpress\/index.php?rest_route=%2Fwp%2Fv2%2Fcomments&post=186"}],"version-history":[{"count":29,"href":"http:\/\/www.javorszky.hu\/wordpress\/index.php?rest_route=\/wp\/v2\/pages\/186\/revisions"}],"predecessor-version":[{"id":9818,"href":"http:\/\/www.javorszky.hu\/wordpress\/index.php?rest_route=\/wp\/v2\/pages\/186\/revisions\/9818"}],"wp:attachment":[{"href":"http:\/\/www.javorszky.hu\/wordpress\/index.php?rest_route=%2Fwp%2Fv2%2Fmedia&parent=186"}],"curies":[{"name":"wp","href":"https:\/\/api.w.org\/{rel}","templated":true}]}}