{"id":2644,"date":"2021-01-13T11:12:54","date_gmt":"2021-01-13T10:12:54","guid":{"rendered":"http:\/\/www.javorszky.hu\/wordpress\/?page_id=2644"},"modified":"2026-03-05T12:25:35","modified_gmt":"2026-03-05T11:25:35","slug":"elojegyzes","status":"publish","type":"page","link":"http:\/\/www.javorszky.hu\/wordpress\/?page_id=2644","title":{"rendered":"El\u0151jegyz\u00e9si Inform\u00e1ci\u00f3k"},"content":{"rendered":"\n<div class=\"wp-container-3 wp-block-columns\" style=\"padding-top:2px;padding-right:2px;padding-bottom:2px;padding-left:2px\">\n<div class=\"wp-container-2 wp-block-column\" style=\"flex-basis:50em\">\n<div class=\"wp-container-1 wp-block-group\"><div class=\"wp-block-group__inner-container\">\n<p class=\"has-text-align-left has-cyan-bluish-gray-background-color has-background\"><strong><mark style=\"background-color:rgba(0, 0, 0, 0)\" class=\"has-inline-color has-vivid-red-color\">I. SZAKRENDEL\u00c9SEKRE T\u00d6RT\u00c9N\u0150 EL\u0150JEGYZ\u00c9S<\/mark><\/strong><\/p>\n\n\n\n<p><span style=\"font-size: 12pt;\"><strong><mark style=\"background-color:rgba(0, 0, 0, 0)\" class=\"has-inline-color has-vivid-cyan-blue-color\">Szem\u00e9lyesen:<\/mark><\/strong> a Szakrendel\u0151ben a  Kartonoz\u00f3ban, munkanapokon&nbsp;<strong>07:00-14:45<\/strong>-ig.<\/span><\/p>\n\n\n\n<p><mark style=\"background-color:rgba(0, 0, 0, 0)\" class=\"has-inline-color has-vivid-cyan-blue-color\"><strong>Telefonos el\u0151jegyz\u00e9s<\/strong> <\/mark><strong>munkanapokon\u00a0<\/strong> \u00a0<strong>07:00-14:45 <\/strong>-ig:\u00a0 <strong>\u00a0<mark style=\"background-color:rgba(0, 0, 0, 0)\" class=\"has-inline-color has-vivid-cyan-blue-color\">+36 27 620-676  vagy  + 36 27 620-677<\/mark><\/strong><\/p>\n\n\n\n<p><mark style=\"background-color:rgba(0, 0, 0, 0)\" class=\"has-inline-color has-black-color\"><strong>Elektronikus id\u0151pont foglal\u00e1s<\/strong>:<\/mark><strong><mark style=\"background-color:rgba(0, 0, 0, 0)\" class=\"has-inline-color has-vivid-cyan-blue-color\">&#x65;l&#x6f;&#106;e&#x67;&#121;&#x7a;&#101;s&#x40;&#106;&#x61;&#118;o&#x72;&#115;&#x7a;&#x6b;y&#x2e;&#104;u<\/mark><\/strong><\/p>\n\n\n\n<p>Munkat\u00e1rsaink h\u00e1rom munkanapon bel\u00fcl v\u00e1laszolnak az emailes megkeres\u00e9sekre. <\/p>\n\n\n\n<p>K\u00e9rj\u00fck ezen id\u0151intervallumon bel\u00fcl ker\u00fclj\u00e9k a telefonon is t\u00f6rt\u00e9n\u0151 id\u0151pontfoglal\u00e1st, a t\u00f6bbsz\u00f6r\u00f6s el\u0151jegyz\u00e9s elker\u00fcl\u00e9se \u00e9rdek\u00e9ben.<\/p>\n\n\n\n<p class=\"has-cyan-bluish-gray-background-color has-background\" style=\"line-height:1.1\"><strong><mark style=\"background-color:rgba(0, 0, 0, 0)\" class=\"has-inline-color has-vivid-red-color\">II. EGYEDI-NEM K\u00d6ZPONTI EL\u0150JEGYZ\u00c9S-<\/mark><\/strong> k\u00f6vetkez\u0151 szakrendel\u00e9seken<\/p>\n\n\n\n<p class=\"has-text-align-center\" style=\"line-height:1.1\">(<strong><mark style=\"background-color:rgba(0, 0, 0, 0)\" class=\"has-inline-color has-vivid-cyan-blue-color\">labor<\/mark><\/strong>,<mark style=\"background-color:rgba(0, 0, 0, 0)\" class=\"has-inline-color has-vivid-cyan-blue-color\"><strong>ct., r\u00f6ntgen, ultrahang, mammogr\u00e1fia, t\u00fcd\u0151sz\u0171r\u00e9s, <\/strong><\/mark><strong><mark style=\"background-color:rgba(0, 0, 0, 0)\" class=\"has-inline-color has-vivid-cyan-blue-color\">fizioter\u00e1pia<\/mark><\/strong>,<mark style=\"background-color: rgba(0, 0, 0, 0);\" class=\"has-inline-color has-vivid-cyan-blue-color\"><b>EKG Holter \u00e9s 24 \u00f3r\u00e1s v\u00e9rnyom\u00e1s vizsg\u00e1latok<\/b><\/mark>, <mark style=\"background-color:rgba(0, 0, 0, 0)\" class=\"has-inline-color has-vivid-cyan-blue-color\"><strong>audiol\u00f3gia<\/strong><\/mark>,<strong><mark style=\"background-color:rgba(0, 0, 0, 0)\" class=\"has-inline-color has-vivid-cyan-blue-color\">foglalkoz\u00e1s-eg\u00e9szs\u00e9g\u00fcgyi ell\u00e1t\u00e1s<\/mark><\/strong>,<mark style=\"background-color:rgba(0, 0, 0, 0)\" class=\"has-inline-color has-vivid-cyan-blue-color\"><strong>rehabilit\u00e1ci\u00f3<\/strong><\/mark>,<mark style=\"background-color:rgba(0, 0, 0, 0)\" class=\"has-inline-color has-vivid-cyan-blue-color\"><strong>elektrofiziol\u00f3giai labor EEG,EMG, ENG<\/strong><\/mark>, <strong><mark style=\"background-color:rgba(0, 0, 0, 0)\" class=\"has-inline-color has-vivid-cyan-blue-color\">nefrol\u00f3giai szakrendel\u00e9s<\/mark><\/strong>)    <strong>B\u0151vebb inform\u00e1ci\u00f3k lentebb<\/strong><\/p>\n\n\n\n<p class=\"has-pale-cyan-blue-background-color has-background\"><span style=\"font-size: 12pt;\"><strong>Id\u0151pont egyeztet\u00e9s eset\u00e9n munkat\u00e1rsunk az al\u00e1bbi adatokat fogja \u00d6nt\u0151l k\u00e9rni:<\/strong><\/span><\/p>\n\n\n\n<p><span style=\"font-size: 12pt;\"><strong><span class=\"has-inline-color has-vivid-cyan-blue-color\">Nem beutal\u00f3k\u00f6teles szakrendel\u00e9sre val\u00f3 bejelentkez\u00e9s eset\u00e9n: <\/span><\/strong><\/span><\/p>\n\n\n\n<ul><li><strong><span style=\"font-size: 12pt;\">N\u00e9v<\/span><\/strong><\/li><li><strong><span style=\"font-size: 12pt;\">TAJ sz\u00e1m<\/span><\/strong><\/li><li><strong>S<span style=\"font-size: 12pt;\">z\u00fclet\u00e9si id<\/span>\u0151<\/strong><\/li><li><strong><span style=\"font-size: 12pt;\">Lakc\u00edm<\/span><\/strong><\/li><li><strong><span style=\"font-size: 12pt;\"> El\u00e9rhet\u0151s\u00e9g (telefonsz\u00e1m)<\/span><\/strong><\/li><\/ul>\n\n\n\n<p><span style=\"font-size: 12pt;\"><strong><span class=\"has-inline-color has-vivid-cyan-blue-color\">Beutal\u00f3k\u00f6teles szakrendel\u00e9sre val\u00f3 bejelentkez\u00e9s eset\u00e9n <\/span><\/strong><\/span><\/p>\n\n\n\n<ul><li><strong><span style=\"font-size: 12pt;\">N\u00e9v<\/span><\/strong><\/li><li><strong><span style=\"font-size: 12pt;\">TAJ sz\u00e1m<\/span><\/strong><\/li><li><strong>S<span style=\"font-size: 12pt;\">z\u00fclet\u00e9si id<\/span>\u0151<\/strong><\/li><li><strong><span style=\"font-size: 12pt;\">Lakc\u00edm<\/span><\/strong><\/li><li><strong><span style=\"font-size: 12pt;\"> El\u00e9rhet\u0151s\u00e9g (telefonsz\u00e1m)<\/span><\/strong><\/li><li><strong><span style=\"font-size: 12pt;\">A beutal\u00f3 int\u00e9zm\u00e9ny 9 jegy\u0171 azonos\u00edt\u00f3ja<\/span><\/strong><\/li><li><strong><span style=\"font-size: 12pt;\">Napl\u00f3sz\u00e1m<\/span><\/strong><\/li><li><strong><span style=\"font-size: 12pt;\"> A beutal\u00f3 orvos pecs\u00e9tsz\u00e1m<\/span>a<\/strong><\/li><\/ul>\n<\/div><\/div>\n<\/div>\n<\/div>\n\n\n\n<p class=\"has-text-align-center has-cyan-bluish-gray-background-color has-background has-medium-font-size\"><strong><mark style=\"background-color:rgba(0, 0, 0, 0)\" class=\"has-inline-color has-vivid-red-color\">EGYEDI-  NEM K\u00d6ZPONTI EL\u0150JEGYZ\u00c9S &#8211;<\/mark><\/strong><\/p>\n\n\n\n<p class=\"has-text-align-left\"><mark style=\"background-color:rgba(0, 0, 0, 0)\" class=\"has-inline-color has-vivid-cyan-blue-color\"><strong>A felsorolt szakrendel\u00e9sekre el\u0151jegyz\u00e9s k\u00e9r\u00e9se az al\u00e1bbi telefonsz\u00e1mokon t\u00f6rt\u00e9nik<\/strong>, <strong>az id\u0151pontokat nem a Betegfelv\u00e9teli Iroda( k\u00f6zponti el\u0151jegyz\u00e9s) adja, hanem az adott szakrendel\u00e9sek!<\/strong><\/mark><\/p>\n\n\n\n<p class=\"has-text-align-left\"><span style=\"font-size: 12pt;\"><mark style=\"background-color:rgba(0, 0, 0, 0)\" class=\"has-inline-color has-vivid-cyan-blue-color\"><strong>CT<\/strong>&nbsp;<strong>vizsg\u00e1lat el\u0151jegyz\u00e9s:<\/strong><\/mark><br> (06-27) 620-620 \/<strong><mark style=\"background-color:rgba(0, 0, 0, 0)\" class=\"has-inline-color has-vivid-cyan-blue-color\"> 1189<\/mark><\/strong>-es mell\u00e9k<\/span> (<strong>munkanapokon 8:00-14:00 k\u00f6z\u00f6tt)<\/strong><\/p>\n\n\n\n<p style=\"line-height:1.2\"><strong>T\u00e1j\u00e9koztat\u00e1s \u2013 CT csereprogram<\/strong><\/p>\n\n\n\n<p style=\"line-height:1.2\">Az orsz\u00e1gos CT csereprogram keret\u00e9ben k\u00f3rh\u00e1zunk is \u00faj CT-berendez\u00e9st kap. <br>Az \u00e1t\u00e9p\u00edt\u00e9si munk\u00e1latok ideje alatt a <strong>betegell\u00e1t\u00e1s folyamatos<\/strong>, a vizsg\u00e1latokat <strong>mobil CT berendez\u00e9ssel<\/strong> v\u00e9gezz\u00fck el.<\/p>\n\n\n\n<p style=\"line-height:1.2\">\ud83d\udcde <strong>El\u0151jegyz\u00e9s \u00e9s inform\u00e1ci\u00f3:<\/strong><br>munkanapokon <strong>8:00\u201314:00<\/strong> k\u00f6z\u00f6tt<br>\u260e\ufe0f +36 27 620-620 \/ 1189-es mell\u00e9k<br>\ud83d\udcf1 +36 70 647 55 60<\/p>\n\n\n\n<p style=\"line-height:1.2\">K\u00f6sz\u00f6nj\u00fck meg\u00e9rt\u00e9s\u00fcket \u00e9s t\u00fcrelm\u00fcket!<\/p>\n\n\n\n<p><strong><mark style=\"background-color:rgba(0, 0, 0, 0)\" class=\"has-inline-color has-vivid-cyan-blue-color\">R\u00f6ntgen<\/mark><\/strong><strong><mark style=\"background-color:rgba(0, 0, 0, 0)\" class=\"has-inline-color has-vivid-cyan-blue-color\">el\u0151jegyz\u00e9s<\/mark><\/strong>:<\/p>\n\n\n\n<p><span style=\"font-size: 12pt;\"><strong> (06-27) 620-620<\/strong> \/<strong><mark style=\"background-color:rgba(0, 0, 0, 0)\" class=\"has-inline-color has-vivid-cyan-blue-color\"> 1497<\/mark><\/strong> mell\u00e9k(<strong>munkanapokon 9:00-14:00 k\u00f6z\u00f6tt<\/strong>) <\/span> k\u00e9rhetnek id\u0151pontot.<\/p>\n\n\n\n<p><span style=\"font-size: 12pt;\"><strong><mark style=\"background-color:rgba(0, 0, 0, 0)\" class=\"has-inline-color has-vivid-cyan-blue-color\">Ultrahang el\u0151jegyz\u00e9s:<\/mark><\/strong><br><strong> (06-27) 620-620<\/strong> \/<strong><mark style=\"background-color:rgba(0, 0, 0, 0)\" class=\"has-inline-color has-vivid-cyan-blue-color\"> 1497<\/mark><\/strong> mell\u00e9k \u00e9s a <strong>+36 70 647 55 18<\/strong>  mobiltelefonon (<strong>munkanapokon 9:00-14:00 k\u00f6z\u00f6tt<\/strong>) <\/span> k\u00e9rhetnek id\u0151pontot a k\u00f6vetkez\u0151 h\u00f3napban rendelkez\u00e9sre \u00e1ll\u00f3 szabad helyek erej\u00e9ig.<\/p>\n\n\n\n<p><span style=\"font-size: 12pt;\"><strong><mark style=\"background-color:rgba(0, 0, 0, 0)\" class=\"has-inline-color has-vivid-cyan-blue-color\">Mammogr\u00e1fia:<\/mark><\/strong> (06-27) 620-620 \/ 1436-os mell\u00e9k: <strong>minden h\u00f3nap els\u0151 h\u00e9tf\u0151j\u00e9n 8:00-t\u00f3l<\/strong><\/span>, szem\u00e9lyesen is.<\/p>\n\n\n\n<p><span style=\"font-size: 12pt;\"><strong><span class=\"has-inline-color has-vivid-cyan-blue-color\">T\u00fcd\u0151gondoz\u00f3:<\/span><\/strong>&nbsp;(06-27) 311-796 <\/span><\/p>\n\n\n\n<p><strong><span class=\"has-inline-color has-vivid-cyan-blue-color\">T\u00fcd\u0151sz\u0171r\u00e9s:<\/span>&nbsp;<\/strong><\/p>\n\n\n\n<ul><li><strong>18 \u00e9ves kor alatt <\/strong><\/li><\/ul>\n\n\n\n<p>18 \u00e9ves kor alatt munkaalkalmass\u00e1g elbir\u00e1l\u00e1sa c\u00e9lj\u00e1b\u00f3l a 102\/2023 (XII.29.) BM rendelet alapj\u00e1n t\u00fcd\u0151sz\u0171r\u00e9s nem v\u00e9gezhet\u0151!<\/p>\n\n\n\n<p>(csak beutal\u00f3val, orvos \u00e1ltal meghat\u00e1rozott szakmai indok alapj\u00e1n, sz\u00fcl\u0151i beleegyez\u0151 nyilatkozattal!)<\/p>\n\n\n\n<ul><li><strong>18-40 \u00e9v k\u00f6z\u00f6tt beutal\u00f3val vagy t\u00e9r\u00edt\u00e9s ellen\u00e9ben<\/strong>(&nbsp;<strong>1700 Ft<\/strong>)<\/li><li><strong>40 \u00e9ves kor felett az ell\u00e1t\u00e1si ter\u00fclet\u00fcnk\u00f6n bel\u00fcl, beutal\u00f3 n\u00e9lk\u00fcl t\u00e9r\u00edt\u00e9smentesen lehet ig\u00e9nybe venni.<\/strong><\/li><\/ul>\n\n\n\n<p><strong><span class=\"has-inline-color has-vivid-cyan-blue-color\">T\u00fcd\u0151gy\u00f3gy\u00e1szati Szakrendel\u00e9s<\/span>:<\/strong>&nbsp;<strong>csak id\u0151pontra, orvosi beutal\u00f3val tudjuk fogadni a betegeket!<\/strong><\/p>\n\n\n\n<p><strong>Vizsg\u00e1lataink:<\/strong> <strong>Spirometria (l\u00e9gz\u00e9sfunkci\u00f3s vizsg\u00e1latot)<\/strong><\/p>\n\n\n\n<p><strong>&nbsp;Allergiavizsg\u00e1lat b\u0151rpr\u00f3b\u00e1val&nbsp;<em>(csak l\u00e9guti t\u00fcnetek eset\u00e9n, 15 \u00e9v felettieknek<\/em>)<\/strong><\/p>\n\n\n\n<p><mark style=\"background-color: rgba(0, 0, 0, 0);\" class=\"has-inline-color has-vivid-cyan-blue-color\"><b>Fizioter\u00e1pi\u00e1s szakrendel\u00e9s<\/b><\/mark>:<strong>1418-<\/strong>as mell\u00e9ken rendel\u00e9si id\u0151ben<\/p>\n\n\n\n<p><strong><mark style=\"background-color:rgba(0, 0, 0, 0)\" class=\"has-inline-color has-vivid-cyan-blue-color\">EKG Holter \u00e9s 24 \u00f3r\u00e1s v\u00e9rnyom\u00e1s vizsg\u00e1latok:<\/mark><\/strong> <strong>1258-<\/strong>os mell\u00e9ken <strong>8:00-14:30<\/strong> k\u00f6z\u00f6tt<\/p>\n\n\n\n<p><mark style=\"background-color:rgba(0, 0, 0, 0)\" class=\"has-inline-color has-vivid-cyan-blue-color\"><strong>Audiol\u00f3gia<\/strong>:<\/mark><strong>1467<\/strong>-es mell\u00e9ken rendel\u00e9si id\u0151ben<\/p>\n\n\n\n<p><strong><mark style=\"background-color:rgba(0, 0, 0, 0)\" class=\"has-inline-color has-vivid-cyan-blue-color\">Foglalkoz\u00e1s-eg\u00e9szs\u00e9g\u00fcgyi Szakell\u00e1t\u00e1s<\/mark><\/strong>:<strong>1470<\/strong>-es mell\u00e9ken rendel\u00e9si id\u0151ben<\/p>\n\n\n\n<p><mark style=\"background-color:rgba(0, 0, 0, 0)\" class=\"has-inline-color has-vivid-cyan-blue-color\"><strong>Rehabilit\u00e1ci\u00f3:<\/strong><\/mark><strong>1338<\/strong>-as mell\u00e9ken <strong>8:00-14:00 <\/strong>k\u00f6z\u00f6tt<\/p>\n\n\n\n<p><mark style=\"background-color:rgba(0, 0, 0, 0)\" class=\"has-inline-color has-vivid-cyan-blue-color\"><strong>Elektrofiziol\u00f3giai labor EEG,EMG, ENG<\/strong><\/mark> :<strong>1382<\/strong>-es mell\u00e9ken rendel\u00e9si id\u0151ben<\/p>\n\n\n\n<p><strong><mark style=\"background-color:rgba(0, 0, 0, 0)\" class=\"has-inline-color has-vivid-cyan-blue-color\">Nefrol\u00f3giai szakrendel\u00e9s<\/mark>:<\/strong> <strong>1604<\/strong>-es mell\u00e9ken keddi-, szerdai-, cs\u00fct\u00f6rt\u00f6ki napokon 12:00-14.00 k\u00f6z\u00f6tt<\/p>\n\n\n\n<p><strong><mark style=\"background-color:rgba(0, 0, 0, 0)\" class=\"has-inline-color has-vivid-cyan-blue-color\">NST Vizsg\u00e1lat<\/mark><\/strong>: k\u00f3rh\u00e1z 6. emelet\u00e9n tal\u00e1lhat\u00f3, nem kell a Szakrendel\u0151 kartonoz\u00f3j\u00e1ban bejelentkezni, k\u00f6zvetlen az asszisztens ad id\u0151pontot<\/p>\n\n\n\n<p class=\"has-text-align-center has-cyan-bluish-gray-background-color has-background has-medium-font-size\"><strong><mark style=\"background-color:rgba(0, 0, 0, 0)\" class=\"has-inline-color has-vivid-red-color\">LABOR ID\u0150PONTFOGLAL\u00c1S<\/mark><\/strong><\/p>\n\n\n\n<p><strong>A<\/strong>&nbsp;<strong> laborat\u00f3riumba beutalt betegek sz\u00e1m\u00e1ra az id\u0151pontfoglal\u00e1s&nbsp;<\/strong>\u2013 a s\u00fcrg\u0151ss\u00e9gi eseteket kiv\u00e9ve \u2013<strong>&nbsp;k\u00f6telez\u0151<\/strong>. (A s\u00fcrg\u0151ss\u00e9gi ig\u00e9nyt a beutal\u00f3 orvosnak kell hitelesen igazolnia a k\u00e9r\u0151lapon pecs\u00e9tj\u00e9vel \u00e9s al\u00e1\u00edr\u00e1s\u00e1val. S\u00fcrg\u0151ss\u00e9ggel csak a vizsg\u00e1latok meghat\u00e1rozott k\u00f6re vehet\u0151 ig\u00e9nybe.)<br><strong>Hozott minta 7:00-9:00 \u00f3ra k\u00f6z\u00f6tt adhat\u00f3 le<\/strong>&nbsp;\u2013 ha a minta lev\u00e9tele nem a laborat\u00f3riumban t\u00f6rt\u00e9nik, id\u0151pontfoglal\u00e1s nem sz\u00fcks\u00e9ges.<br>A foglalt id\u0151pont t\u00e1j\u00e9koztat\u00f3 jelleg\u0171. Lehet, hogy a p\u00e1ciens k\u00e9s\u0151bb ker\u00fcl beh\u00edv\u00e1sra. Az id\u0151pontfoglal\u00e1s ir\u00e1nymutat\u00e1s, arra vonatkoz\u00f3an, hogy a p\u00e1ciens mikor \u00e9rkezzen a laborat\u00f3riumba a v\u00e1rakoz\u00e1si id\u0151 minimaliz\u00e1l\u00e1sa \u00e9rdek\u00e9ben.<\/p>\n\n\n\n<p><mark style=\"background-color:rgba(0, 0, 0, 0)\" class=\"has-inline-color has-black-color\">Ez\u00faton szeretn\u00e9nk t\u00e1j\u00e9koztatni \u00d6n\u00f6ket, hogy\u00a0<strong>2025. m\u00e1rcius 8-\u00e1t\u00f3l\u00a0a Corden International \/Magyarorsz\u00e1g\/ Kft biztos\u00edtja a laborat\u00f3riumi szolg\u00e1ltat\u00e1st a V\u00e1ci J\u00e1vorszky \u00d6d\u00f6n K\u00f3rh\u00e1z \u00e9s az ell\u00e1t\u00e1si ter\u00fclet\u00e9n m\u0171k\u00f6d\u0151 alapell\u00e1t\u00e1si k\u00f6rzetek sz\u00e1m\u00e1ra.<\/strong><\/mark><\/p>\n\n\n\n<p>Mindent megtett\u00fcnk \u00e9s megtesz\u00fcnk annak \u00e9rdek\u00e9ben, hogy a szolg\u00e1ltat\u00f3 v\u00e1lt\u00e1s ne okozzon fennakad\u00e1st a laborat\u00f3riumi szolg\u00e1ltat\u00e1sok ig\u00e9nybev\u00e9tel\u00e9ben.<\/p>\n\n\n\n<p><strong>K\u00e9rj\u00fck sz\u00edves t\u00fcrelm\u00fcket az \u00e1t\u00e1ll\u00e1s alatt!<\/strong><\/p>\n\n\n\n<figure class=\"wp-block-table has-large-font-size\"><table class=\"has-luminous-vivid-amber-background-color has-background\"><tbody><tr><td class=\"has-text-align-center\" data-align=\"center\"><strong><mark style=\"background-color:rgba(0, 0, 0, 0)\" class=\"has-inline-color has-vivid-red-color\">ONLINE ID\u0150PONT FOGLAL\u00c1S ITT &#8211;<\/mark><\/strong><br><strong><mark style=\"background-color:rgba(0, 0, 0, 0)\" class=\"has-inline-color has-vivid-red-color\"> <a href=\"https:\/\/paciens.unilab.unicomp.hu\/idopontfoglalas\/neak\/vac\" data-type=\"URL\" data-id=\"https:\/\/paciens.unilab.unicomp.hu\/idopontfoglalas\/neak\/vac\">T\u00c1BL\u00c1ZAT LINKJE<\/a><\/mark><\/strong><\/td><\/tr><tr><td class=\"has-text-align-center\" data-align=\"center\"><strong><mark style=\"background-color:rgba(0, 0, 0, 0)\" class=\"has-inline-color has-black-color\">Telefonos el\u0151jegyz\u00e9s:<\/mark><mark style=\"background-color:rgba(0, 0, 0, 0)\" class=\"has-inline-color has-vivid-red-color\">  +36 30 562-84-42, h\u00e9tk\u00f6znap 11:00 \u00e9s 13:30 <\/mark><mark style=\"background-color:rgba(0, 0, 0, 0)\" class=\"has-inline-color has-black-color\">k\u00f6z\u00f6tti id\u0151pontban k\u00e9rhet\u0151!<\/mark><\/strong><\/td><\/tr><tr><td class=\"has-text-align-center\" data-align=\"center\"><img loading=\"lazy\" width=\"168\" height=\"77\" src=\"https:\/\/mail.google.com\/mail\/u\/0?ui=2&amp;ik=13f2140689&amp;attid=0.1&amp;permmsgid=msg-f:1825941420441269034&amp;th=19570c0c3212f32a&amp;view=fimg&amp;fur=ip&amp;permmsgid=msg-f:1825941420441269034&amp;sz=s0-l75-ft&amp;attbid=ANGjdJ8jtCUG6OjPzFqSRNUy0S3WoDkIP2NeXYPvbOkVqdINgX9E0P78MBZM8McK71o6QYMWhJ17NUTNYIrMVz3CH-ZMo7N1gd7elfVIYNvSV8EAjBkcnEMN6HU2qBM&amp;disp=emb&amp;zw\"><\/td><\/tr><\/tbody><\/table><\/figure>\n\n\n\n<p style=\"line-height:1\"><strong><mark style=\"background-color:rgba(0, 0, 0, 0)\" class=\"has-inline-color has-vivid-cyan-blue-color\">CORDEN AZ INNOVAT\u00cdV LABORAT\u00d3RIUM<\/mark><\/strong><\/p>\n\n\n\n<p style=\"line-height:1\"><a rel=\"noreferrer noopener\" href=\"https:\/\/www.corden.hu\/vizsgalatok\/etelintolerancia-206-vizsgalat\/\" target=\"_blank\">\u00c9telintolerancia 206<\/a>&nbsp;\u00e9s a&nbsp;<a rel=\"noreferrer noopener\" href=\"https:\/\/www.corden.hu\/vizsgalatok\/dao-hisztamin-intolerancia-vizsgalat\/\" target=\"_blank\">Hisztamin intolerancia (DAO) vizsg\u00e1lat<\/a>&nbsp;el\u00e9rhet\u0151ek minden mag\u00e1nv\u00e9rv\u00e9teli pontunkon.<\/p>\n\n\n\n<p style=\"line-height:1\"><em><strong>Strat\u00e9giai partner\u00fcnk a<\/strong><\/em>&nbsp;<strong><u><a rel=\"noreferrer noopener\" href=\"https:\/\/gasztroklinika.hu\/\" target=\"_blank\">GASZTROKLINIKA!<\/a><\/u><\/strong>&nbsp;<em><strong>Diagn\u00f3zist\u00f3l a gy\u00f3gyul\u00e1sig!<\/strong><\/em><\/p>\n\n\n\n<p style=\"line-height:1\">Telefonon :+36 1&nbsp;800 9313,&nbsp;+36 30&nbsp;416 9982&nbsp;vagy a&nbsp;<a rel=\"noreferrer noopener\" href=\"https:\/\/paciens.unilab.unicomp.hu\/idopontfoglalas\/helyszin\" target=\"_blank\">weboldalunkon<\/a> !<\/p>\n\n\n\n<figure class=\"wp-container-5 wp-block-gallery-4 wp-block-gallery has-nested-images columns-default is-cropped\"><\/figure>\n","protected":false},"excerpt":{"rendered":"<p>I. SZAKRENDEL\u00c9SEKRE T\u00d6RT\u00c9N\u0150 EL\u0150JEGYZ\u00c9S Szem\u00e9lyesen: a Szakrendel\u0151ben a Kartonoz\u00f3ban, munkanapokon&nbsp;07:00-14:45-ig. Telefonos el\u0151jegyz\u00e9s munkanapokon\u00a0 \u00a007:00-14:45 -ig:\u00a0 \u00a0+36 27 620-676 vagy + 36 27 620-677 Elektronikus id\u0151pont foglal\u00e1s:&#x65;&#x6c;&#x6f;&#106;&#101;gy&#x7a;&#x65;&#x73;&#x40;&#106;&#97;vo&#x72;&#x73;&#x7a;&#107;&#121;&#46;hu Munkat\u00e1rsaink h\u00e1rom munkanapon bel\u00fcl v\u00e1laszolnak az emailes megkeres\u00e9sekre. K\u00e9rj\u00fck ezen id\u0151intervallumon bel\u00fcl ker\u00fclj\u00e9k a telefonon is t\u00f6rt\u00e9n\u0151 id\u0151pontfoglal\u00e1st, a t\u00f6bbsz\u00f6r\u00f6s el\u0151jegyz\u00e9s elker\u00fcl\u00e9se \u00e9rdek\u00e9ben. II. EGYEDI-NEM K\u00d6ZPONTI EL\u0150JEGYZ\u00c9S- k\u00f6vetkez\u0151 szakrendel\u00e9seken [&hellip;]<\/p>\n","protected":false},"author":1,"featured_media":0,"parent":0,"menu_order":0,"comment_status":"closed","ping_status":"closed","template":"","meta":[],"_links":{"self":[{"href":"http:\/\/www.javorszky.hu\/wordpress\/index.php?rest_route=\/wp\/v2\/pages\/2644"}],"collection":[{"href":"http:\/\/www.javorszky.hu\/wordpress\/index.php?rest_route=\/wp\/v2\/pages"}],"about":[{"href":"http:\/\/www.javorszky.hu\/wordpress\/index.php?rest_route=\/wp\/v2\/types\/page"}],"author":[{"embeddable":true,"href":"http:\/\/www.javorszky.hu\/wordpress\/index.php?rest_route=\/wp\/v2\/users\/1"}],"replies":[{"embeddable":true,"href":"http:\/\/www.javorszky.hu\/wordpress\/index.php?rest_route=%2Fwp%2Fv2%2Fcomments&post=2644"}],"version-history":[{"count":114,"href":"http:\/\/www.javorszky.hu\/wordpress\/index.php?rest_route=\/wp\/v2\/pages\/2644\/revisions"}],"predecessor-version":[{"id":9850,"href":"http:\/\/www.javorszky.hu\/wordpress\/index.php?rest_route=\/wp\/v2\/pages\/2644\/revisions\/9850"}],"wp:attachment":[{"href":"http:\/\/www.javorszky.hu\/wordpress\/index.php?rest_route=%2Fwp%2Fv2%2Fmedia&parent=2644"}],"curies":[{"name":"wp","href":"https:\/\/api.w.org\/{rel}","templated":true}]}}