{"id":4057,"date":"2022-06-23T10:55:35","date_gmt":"2022-06-23T08:55:35","guid":{"rendered":"http:\/\/www.javorszky.hu\/wordpress\/?page_id=4057"},"modified":"2025-09-16T08:56:01","modified_gmt":"2025-09-16T06:56:01","slug":"kardiologiai-szakrendeles","status":"publish","type":"page","link":"http:\/\/www.javorszky.hu\/wordpress\/?page_id=4057","title":{"rendered":"Kardiol\u00f3giai szakrendel\u00e9s"},"content":{"rendered":"\n<p>A kardiol\u00f3gia&nbsp;a sz\u00edv \u2013 \u00e9s \u00e9rrendszeri betegs\u00e9gekkel foglalkozik. <\/p>\n\n\n\n<p>Haz\u00e1nkban a sz\u00edv \u00e9s \u00e9rrendszeri megbeteged\u00e9sek a leggyakoribb hal\u00e1loz\u00e1si okok k\u00f6z\u00e9 sorolhat\u00f3k, 45 \u00e9v felett m\u00e1r prevent\u00edv c\u00e9lb\u00f3l, panasz eset\u00e9n azonban s\u00fcrg\u0151sen javasolt kardiol\u00f3gushoz fordulni.<\/p>\n\n\n\n<p>A sz\u00edv-\u00e9s \u00e9rrendszeri betegs\u00e9geket m\u00e1r korai st\u00e1diumban is jelezhetik bizonyos t\u00fcnetek az al\u00e1bbiak \u00e9szlel\u00e9sekor forduljunk miel\u0151bb szakorvoshoz!<\/p>\n\n\n\n<ul><li>Mellkasi f\u00e1jdalom<\/li><li>L\u00e9gszomj, fullad\u00e1s vagy neh\u00e9zl\u00e9gz\u00e9s<\/li><li>Nyugalmi \u00e1llapotban jelentkez\u0151 sz\u00edvdobog\u00e1s\u00e9rz\u00e9s, magas pulzussz\u00e1m<\/li><li>Szokatlan gyenges\u00e9g, sz\u00e9d\u00fcl\u00e9s, \u00e1jul\u00e1s<\/li><li>Zsibbad\u00e1s a karban<\/li><li>Gyakori fejf\u00e1j\u00e1s<\/li><\/ul>\n\n\n\n<p class=\"has-vivid-cyan-blue-color has-text-color\"><strong>Beutal\u00f3 k\u00f6teles, id\u0151pontfoglal\u00e1s sz\u00fcks\u00e9ges<\/strong><\/p>\n\n\n\n<p><mark style=\"background-color:rgba(0, 0, 0, 0)\" class=\"has-inline-color has-black-color\"><strong>El\u0151jegyz\u00e9s:<\/strong><\/mark><\/p>\n\n\n\n<p><strong><mark style=\"background-color:rgba(0, 0, 0, 0)\" class=\"has-inline-color has-vivid-cyan-blue-color\">0627\/620-676; 0627\/-620-67<\/mark>7 vagy <\/strong><mark style=\"background-color:rgba(0, 0, 0, 0)\" class=\"has-inline-color has-vivid-cyan-blue-color\"><strong>elojeg&#121;&#122;&#101;&#115;&#64;&#106;&#97;&#x76;&#x6f;&#x72;&#x73;&#x7a;&#x6b;&#x79;&#x2e;&#x68;&#x75;<\/strong> <\/mark>    <\/p>\n\n\n\n<p><strong>El\u0151jegyz\u00e9s 24 \u00f3r\u00e1s vizsg\u00e1latokra(EKG, v\u00e9rnyom\u00e1sm\u00e9r\u00e9s)<\/strong><mark style=\"background-color:rgba(0, 0, 0, 0)\" class=\"has-inline-color has-vivid-cyan-blue-color\"> <strong>0627\/620620\/1258 <\/strong><\/mark><strong>mell\u00e9k<\/strong><\/p>\n\n\n\n<p><strong><em>K\u00e9rj\u00fck, hogy a 24 \u00f3r\u00e1s vizsg\u00e1latokra a Szakrendel\u0151 Kartonoz\u00f3j\u00e1ban val\u00f3 regisztr\u00e1ci\u00f3 ut\u00e1n jelentkezzen a Belgy\u00f3gy\u00e1szati oszt\u00e1lyon( K\u00f3rh\u00e1z V. emelet)<\/em><\/strong><\/p>\n\n\n\n<figure class=\"wp-block-table is-style-stripes\"><table class=\"has-pale-cyan-blue-background-color has-background\"><thead><tr><th><strong>Orvos<\/strong>  Kardiol\u00f3gia I.<\/th><th class=\"has-text-align-center\" data-align=\"center\"><strong>H\u00e9tf\u0151<\/strong><\/th><th class=\"has-text-align-center\" data-align=\"center\"><strong>Kedd<\/strong><\/th><th class=\"has-text-align-center\" data-align=\"center\"><strong>Szerda<\/strong><\/th><th class=\"has-text-align-center\" data-align=\"center\"><strong>Cs\u00fct\u00f6rt\u00f6k<\/strong><\/th><th class=\"has-text-align-center\" data-align=\"center\"><strong>P\u00e9ntek<\/strong><\/th><\/tr><\/thead><tbody><tr><td><strong>Dr. Al- Badani<\/strong> <strong>Mohamed<\/strong><\/td><td class=\"has-text-align-center\" data-align=\"center\"><strong>7:30-15:30<\/strong><\/td><td class=\"has-text-align-center\" data-align=\"center\">&#8211;<\/td><td class=\"has-text-align-center\" data-align=\"center\">&#8211;<\/td><td class=\"has-text-align-center\" data-align=\"center\"><\/td><td class=\"has-text-align-center\" data-align=\"center\">&#8211;<\/td><\/tr><tr><td><strong>Dr. Koll\u00e1r \u00c1gnes<\/strong><\/td><td class=\"has-text-align-center\" data-align=\"center\">&#8211;<\/td><td class=\"has-text-align-center\" data-align=\"center\"><strong>8:00-14:00<\/strong><\/td><td class=\"has-text-align-center\" data-align=\"center\">&#8211;<\/td><td class=\"has-text-align-center\" data-align=\"center\">&#8211;<\/td><td class=\"has-text-align-center\" data-align=\"center\">&#8211;<\/td><\/tr><tr><td><strong>Dr. Sz\u00e9ll Anik\u00f3<\/strong><\/td><td class=\"has-text-align-center\" data-align=\"center\">&#8211;<\/td><td class=\"has-text-align-center\" data-align=\"center\">&#8211;<\/td><td class=\"has-text-align-center\" data-align=\"center\"><strong>7:30-13:30<\/strong><\/td><td class=\"has-text-align-center\" data-align=\"center\">&#8211;<\/td><td class=\"has-text-align-center\" data-align=\"center\">&#8211;<\/td><\/tr><tr><td><strong>Dr. Tuzson Ildik\u00f3<\/strong><\/td><td class=\"has-text-align-center\" data-align=\"center\">&#8211;<\/td><td class=\"has-text-align-center\" data-align=\"center\">&#8211;<\/td><td class=\"has-text-align-center\" data-align=\"center\">&#8211;<\/td><td class=\"has-text-align-center\" data-align=\"center\"><strong>8:00-12:00<\/strong><\/td><td class=\"has-text-align-center\" data-align=\"center\">&#8211;<\/td><\/tr><\/tbody><\/table><figcaption><strong><mark style=\"background-color:rgba(0, 0, 0, 0)\" class=\"has-inline-color has-vivid-green-cyan-color\">II. emelet 230-as rendel\u0151<\/mark><\/strong><\/figcaption><\/figure>\n\n\n\n<hr class=\"wp-block-separator has-alpha-channel-opacity\"\/>\n\n\n\n<figure class=\"wp-block-table is-style-stripes\"><table class=\"has-pale-cyan-blue-background-color has-background\"><thead><tr><th><strong>Orvos<\/strong> Kardiol\u00f3gia II.<\/th><th class=\"has-text-align-center\" data-align=\"center\"><strong>H\u00e9tf\u0151<\/strong><\/th><th class=\"has-text-align-center\" data-align=\"center\"><strong>Kedd<\/strong><\/th><th class=\"has-text-align-center\" data-align=\"center\"><strong>Szerda<\/strong><\/th><th class=\"has-text-align-center\" data-align=\"center\"><strong>Cs\u00fct\u00f6rt\u00f6k<\/strong><\/th><th class=\"has-text-align-center\" data-align=\"center\"><strong>P\u00e9ntek<\/strong><\/th><\/tr><\/thead><tbody><tr><td><strong>Dr. Kiss Ter\u00e9zia <\/strong><\/td><td class=\"has-text-align-center\" data-align=\"center\"><strong>7:45-11:45<\/strong><\/td><td class=\"has-text-align-center\" data-align=\"center\"><strong>7:45-11:45<\/strong><\/td><td class=\"has-text-align-center\" data-align=\"center\"><strong>7:45-11:45<\/strong><\/td><td class=\"has-text-align-center\" data-align=\"center\"><strong>7:45-11:45<\/strong><\/td><td class=\"has-text-align-center\" data-align=\"center\"><strong>7:45-11:45<\/strong><\/td><\/tr><tr><td><strong>Dr. Al- Badani<\/strong> <strong>Mohamed<\/strong><\/td><td class=\"has-text-align-center\" data-align=\"center\">&#8211;<\/td><td class=\"has-text-align-center\" data-align=\"center\"><strong>11:30-15:30<\/strong><\/td><td class=\"has-text-align-center\" data-align=\"center\">&#8211;<\/td><td class=\"has-text-align-center\" data-align=\"center\">&#8211;<\/td><td class=\"has-text-align-center\" data-align=\"center\">&#8211;<\/td><\/tr><tr><td><strong>Dr. Tuzson Ildik\u00f3<\/strong><\/td><td class=\"has-text-align-center\" data-align=\"center\">&#8211;<\/td><td class=\"has-text-align-center\" data-align=\"center\">&#8211;<\/td><td class=\"has-text-align-center\" data-align=\"center\">&#8211;<\/td><td class=\"has-text-align-center\" data-align=\"center\"><strong>12:00-13:30<\/strong><\/td><td class=\"has-text-align-center\" data-align=\"center\">&#8211;<\/td><\/tr><\/tbody><\/table><figcaption><strong><mark style=\"background-color:rgba(0, 0, 0, 0)\" class=\"has-inline-color has-vivid-green-cyan-color\">II. emelet 232-es rendel\u0151<\/mark><\/strong><\/figcaption><\/figure>\n","protected":false},"excerpt":{"rendered":"<p>A kardiol\u00f3gia&nbsp;a sz\u00edv \u2013 \u00e9s \u00e9rrendszeri betegs\u00e9gekkel foglalkozik. Haz\u00e1nkban a sz\u00edv \u00e9s \u00e9rrendszeri megbeteged\u00e9sek a leggyakoribb hal\u00e1loz\u00e1si okok k\u00f6z\u00e9 sorolhat\u00f3k, 45 \u00e9v felett m\u00e1r prevent\u00edv c\u00e9lb\u00f3l, panasz eset\u00e9n azonban s\u00fcrg\u0151sen javasolt kardiol\u00f3gushoz fordulni. A sz\u00edv-\u00e9s \u00e9rrendszeri betegs\u00e9geket m\u00e1r korai st\u00e1diumban is jelezhetik bizonyos t\u00fcnetek az al\u00e1bbiak \u00e9szlel\u00e9sekor forduljunk miel\u0151bb szakorvoshoz! Mellkasi f\u00e1jdalom L\u00e9gszomj, fullad\u00e1s vagy [&hellip;]<\/p>\n","protected":false},"author":5,"featured_media":0,"parent":0,"menu_order":0,"comment_status":"closed","ping_status":"closed","template":"","meta":[],"_links":{"self":[{"href":"http:\/\/www.javorszky.hu\/wordpress\/index.php?rest_route=\/wp\/v2\/pages\/4057"}],"collection":[{"href":"http:\/\/www.javorszky.hu\/wordpress\/index.php?rest_route=\/wp\/v2\/pages"}],"about":[{"href":"http:\/\/www.javorszky.hu\/wordpress\/index.php?rest_route=\/wp\/v2\/types\/page"}],"author":[{"embeddable":true,"href":"http:\/\/www.javorszky.hu\/wordpress\/index.php?rest_route=\/wp\/v2\/users\/5"}],"replies":[{"embeddable":true,"href":"http:\/\/www.javorszky.hu\/wordpress\/index.php?rest_route=%2Fwp%2Fv2%2Fcomments&post=4057"}],"version-history":[{"count":39,"href":"http:\/\/www.javorszky.hu\/wordpress\/index.php?rest_route=\/wp\/v2\/pages\/4057\/revisions"}],"predecessor-version":[{"id":9007,"href":"http:\/\/www.javorszky.hu\/wordpress\/index.php?rest_route=\/wp\/v2\/pages\/4057\/revisions\/9007"}],"wp:attachment":[{"href":"http:\/\/www.javorszky.hu\/wordpress\/index.php?rest_route=%2Fwp%2Fv2%2Fmedia&parent=4057"}],"curies":[{"name":"wp","href":"https:\/\/api.w.org\/{rel}","templated":true}]}}