{"id":4091,"date":"2022-06-23T13:09:29","date_gmt":"2022-06-23T11:09:29","guid":{"rendered":"http:\/\/www.javorszky.hu\/wordpress\/?page_id=4091"},"modified":"2024-11-12T10:49:08","modified_gmt":"2024-11-12T09:49:08","slug":"pszichiatria-pszichologia","status":"publish","type":"page","link":"http:\/\/www.javorszky.hu\/wordpress\/?page_id=4091","title":{"rendered":"Pszichi\u00e1tria, Pszichol\u00f3gia"},"content":{"rendered":"\n<p> A pszichi\u00e1tria a funkcion\u00e1lis, vagyis lelki eredet\u0171 zavarokkal, ment\u00e1lis k\u00f3rk\u00e9pekkel foglalkozik.<\/p>\n\n\n\n<p class=\"has-vivid-cyan-blue-color has-text-color has-medium-font-size\"><strong>El\u0151jegyz\u00e9s sz\u00fcks\u00e9ges: 06\/27\/620-620 1336 mell\u00e9k<\/strong><\/p>\n\n\n\n<p><strong>Rendel\u00e9s helye<\/strong><\/p>\n\n\n\n<p class=\"has-vivid-cyan-blue-color has-text-color\"><strong>K\u00f3rh\u00e1z G pavilon f\u00f6ldszint<\/strong><\/p>\n\n\n\n<figure class=\"wp-block-table is-style-stripes\"><table class=\"has-pale-cyan-blue-background-color has-background\"><thead><tr><th><strong>Orvosok <br>Pszichi\u00e1tria<\/strong><\/th><th class=\"has-text-align-center\" data-align=\"center\"><strong>H\u00e9tf\u0151<\/strong><\/th><th class=\"has-text-align-center\" data-align=\"center\"><strong>Kedd<\/strong><\/th><th class=\"has-text-align-center\" data-align=\"center\"><strong>Szerda<\/strong><\/th><th class=\"has-text-align-center\" data-align=\"center\"><strong>Cs\u00fct\u00f6rt\u00f6k<\/strong><\/th><th class=\"has-text-align-center\" data-align=\"center\"><strong>P\u00e9ntek<\/strong><\/th><\/tr><\/thead><tbody><tr><td><strong>Dr. Finta \u00c9va<\/strong><\/td><td class=\"has-text-align-center\" data-align=\"center\"><strong>8:00-9:00<\/strong><\/td><td class=\"has-text-align-center\" data-align=\"center\"><strong>9:00-10:00<\/strong><\/td><td class=\"has-text-align-center\" data-align=\"center\"><strong>10:00-11:00<\/strong><\/td><td class=\"has-text-align-center\" data-align=\"center\"><strong>11:00-12:00<\/strong><\/td><td class=\"has-text-align-center\" data-align=\"center\">&#8211;<\/td><\/tr><tr><td><strong>Dr. G\u00f6lle L\u00e1szl\u00f3<\/strong><\/td><td class=\"has-text-align-center\" data-align=\"center\"><strong>9:00-10:00<\/strong><\/td><td class=\"has-text-align-center\" data-align=\"center\"><strong>10:00-11:00<\/strong><\/td><td class=\"has-text-align-center\" data-align=\"center\"><strong>9:00-10:00<\/strong><\/td><td class=\"has-text-align-center\" data-align=\"center\"><strong>10:00-11:00<\/strong><\/td><td class=\"has-text-align-center\" data-align=\"center\">&#8211;<\/td><\/tr><tr><td><strong>Dr. Makkai \u00c1gnes<\/strong><\/td><td class=\"has-text-align-center\" data-align=\"center\"><strong>12:00-13:00<\/strong><\/td><td class=\"has-text-align-center\" data-align=\"center\"><strong>12:00-13:00<\/strong><\/td><td class=\"has-text-align-center\" data-align=\"center\"><strong>12:00-13:00<\/strong><\/td><td class=\"has-text-align-center\" data-align=\"center\"><strong>12:00-13:00<\/strong><\/td><td class=\"has-text-align-center\" data-align=\"center\">&#8211;<\/td><\/tr><\/tbody><\/table><\/figure>\n\n\n\n<hr class=\"wp-block-separator has-css-opacity\"\/>\n\n\n\n<figure class=\"wp-block-table is-style-stripes\"><table class=\"has-pale-cyan-blue-background-color has-background\"><thead><tr><th><strong><br>Pszichol\u00f3gia<\/strong><\/th><th class=\"has-text-align-center\" data-align=\"center\"><strong>H\u00e9tf\u0151<\/strong><\/th><th class=\"has-text-align-center\" data-align=\"center\"><strong>Kedd<\/strong><\/th><th class=\"has-text-align-center\" data-align=\"center\"><strong>Szerda<\/strong><\/th><th class=\"has-text-align-center\" data-align=\"center\"><strong>Cs\u00fct\u00f6rt\u00f6k<\/strong><\/th><th class=\"has-text-align-center\" data-align=\"center\"><strong>P\u00e9ntek<\/strong><\/th><\/tr><\/thead><tbody><tr><td><strong>Szab\u00f3 &#8211; Koll\u00e1r Katalin<\/strong><\/td><td class=\"has-text-align-center\" data-align=\"center\">&#8211;<\/td><td class=\"has-text-align-center\" data-align=\"center\"><strong>8:00-10:00<\/strong><\/td><td class=\"has-text-align-center\" data-align=\"center\">&#8211;<\/td><td class=\"has-text-align-center\" data-align=\"center\"><strong>8:00-14:00<\/strong><\/td><td class=\"has-text-align-center\" data-align=\"center\">&#8211;<\/td><\/tr><tr><td><strong>Szepesin\u00e9 Thaly Eleon\u00f3ra<\/strong><\/td><td class=\"has-text-align-center\" data-align=\"center\">&#8211;<\/td><td class=\"has-text-align-center\" data-align=\"center\">&#8211;<\/td><td class=\"has-text-align-center\" data-align=\"center\"><strong>8:00-14:00<\/strong><\/td><td class=\"has-text-align-center\" data-align=\"center\">&#8211;<\/td><td class=\"has-text-align-center\" data-align=\"center\">&#8211;<\/td><\/tr><tr><td><strong>Varga Attila<\/strong><\/td><td class=\"has-text-align-center\" data-align=\"center\">&#8211;<\/td><td class=\"has-text-align-center\" data-align=\"center\"><strong>10:00-15:00<\/strong><\/td><td class=\"has-text-align-center\" data-align=\"center\">&#8211;<\/td><td class=\"has-text-align-center\" data-align=\"center\">&#8211;<\/td><td class=\"has-text-align-center\" data-align=\"center\"><strong>9:00-13:00<\/strong><\/td><\/tr><\/tbody><\/table><\/figure>\n","protected":false},"excerpt":{"rendered":"<p>A pszichi\u00e1tria a funkcion\u00e1lis, vagyis lelki eredet\u0171 zavarokkal, ment\u00e1lis k\u00f3rk\u00e9pekkel foglalkozik. El\u0151jegyz\u00e9s sz\u00fcks\u00e9ges: 06\/27\/620-620 1336 mell\u00e9k Rendel\u00e9s helye K\u00f3rh\u00e1z G pavilon f\u00f6ldszint Orvosok Pszichi\u00e1tria H\u00e9tf\u0151 Kedd Szerda Cs\u00fct\u00f6rt\u00f6k P\u00e9ntek Dr. Finta \u00c9va 8:00-9:00 9:00-10:00 10:00-11:00 11:00-12:00 &#8211; Dr. G\u00f6lle L\u00e1szl\u00f3 9:00-10:00 10:00-11:00 9:00-10:00 10:00-11:00 &#8211; Dr. Makkai \u00c1gnes 12:00-13:00 12:00-13:00 12:00-13:00 12:00-13:00 &#8211; Pszichol\u00f3gia H\u00e9tf\u0151 [&hellip;]<\/p>\n","protected":false},"author":5,"featured_media":0,"parent":0,"menu_order":0,"comment_status":"closed","ping_status":"closed","template":"","meta":[],"_links":{"self":[{"href":"http:\/\/www.javorszky.hu\/wordpress\/index.php?rest_route=\/wp\/v2\/pages\/4091"}],"collection":[{"href":"http:\/\/www.javorszky.hu\/wordpress\/index.php?rest_route=\/wp\/v2\/pages"}],"about":[{"href":"http:\/\/www.javorszky.hu\/wordpress\/index.php?rest_route=\/wp\/v2\/types\/page"}],"author":[{"embeddable":true,"href":"http:\/\/www.javorszky.hu\/wordpress\/index.php?rest_route=\/wp\/v2\/users\/5"}],"replies":[{"embeddable":true,"href":"http:\/\/www.javorszky.hu\/wordpress\/index.php?rest_route=%2Fwp%2Fv2%2Fcomments&post=4091"}],"version-history":[{"count":10,"href":"http:\/\/www.javorszky.hu\/wordpress\/index.php?rest_route=\/wp\/v2\/pages\/4091\/revisions"}],"predecessor-version":[{"id":7752,"href":"http:\/\/www.javorszky.hu\/wordpress\/index.php?rest_route=\/wp\/v2\/pages\/4091\/revisions\/7752"}],"wp:attachment":[{"href":"http:\/\/www.javorszky.hu\/wordpress\/index.php?rest_route=%2Fwp%2Fv2%2Fmedia&parent=4091"}],"curies":[{"name":"wp","href":"https:\/\/api.w.org\/{rel}","templated":true}]}}