{"id":4128,"date":"2022-06-27T11:21:57","date_gmt":"2022-06-27T09:21:57","guid":{"rendered":"http:\/\/www.javorszky.hu\/wordpress\/?page_id=4128"},"modified":"2026-04-28T14:16:04","modified_gmt":"2026-04-28T12:16:04","slug":"urologia","status":"publish","type":"page","link":"http:\/\/www.javorszky.hu\/wordpress\/?page_id=4128","title":{"rendered":"Urol\u00f3giai szakrendel\u00e9s"},"content":{"rendered":"\n<p>Az urol\u00f3giai szakrendel\u00e9s felkereshet\u0151 panaszok eset\u00e9n, sz\u0171r\u00e9s illetve \u00e1ltal\u00e1nos kivizsg\u00e1l\u00e1s c\u00e9lj\u00e1b\u00f3l.<\/p>\n\n\n\n<p>Panasz eset\u00e9n el\u0151sz\u00f6r a  k\u00f3rel\u0151zm\u00e9nyek, a csal\u00e1dban el\u0151fordul\u00f3 betegs\u00e9gek, illetve a p\u00e1ciens \u00e1ltal\u00e1nos \u00e1llapot\u00e1nak felm\u00e9r\u00e9se t\u00f6rt\u00e9nik. Ezut\u00e1n t\u00f6rt\u00e9nik az \u00e1ltal\u00e1nos urol\u00f3giai vizsg\u00e1lat. Sz\u00fcks\u00e9g eset\u00e9n javaslatot tesz\u00fcnk a tov\u00e1bbi vizsg\u00e1latokra: v\u00e9r-\u00e9s vizeletvizsg\u00e1lat, ultrahangos \u00e9s egy\u00e9b k\u00e9palkot\u00f3 vizsg\u00e1latok, valamint tov\u00e1bbi szakorvosi konz\u00edliumok.<\/p>\n\n\n\n<p style=\"line-height:0.9\"><strong>Orvosok:<\/strong><\/p>\n\n\n\n<p style=\"line-height:0.9\"><strong><mark style=\"background-color:rgba(0, 0, 0, 0)\" class=\"has-inline-color has-vivid-cyan-blue-color\">Dr. Kun Istv\u00e1n<\/mark><\/strong><\/p>\n\n\n\n<p><mark style=\"background-color:rgba(0, 0, 0, 0)\" class=\"has-inline-color has-vivid-cyan-blue-color\"><strong>Dr. El Batta Mishal\u00a0<\/strong><\/mark><\/p>\n\n\n\n<p><strong>A rendel\u00e9s beutal\u00f3 n\u00e9lk\u00fcl is ig\u00e9nybe vehet\u0151<\/strong>, <strong><mark style=\"background-color:rgba(0, 0, 0, 0)\" class=\"has-inline-color has-vivid-red-color\">id\u0151pontot k\u00f6telez\u0151 foglalni!<\/mark><\/strong><\/p>\n\n\n\n<p>I<strong>d\u0151pontot tudnak foglalni az <mark style=\"background-color:rgba(0, 0, 0, 0)\" class=\"has-inline-color has-vivid-green-cyan-color\">Eg\u00e9szs\u00e9gablakban<\/mark> vagy a <mark style=\"background-color:rgba(0, 0, 0, 0)\" class=\"has-inline-color has-vivid-green-cyan-color\">1812<\/mark>-es korm\u00e1nyzati sz\u00e1mon!<\/strong><\/p>\n\n\n\n<p><strong>Ter\u00fcleti ell\u00e1t\u00e1si k\u00f6telezetts\u00e9g&nbsp;<\/strong>a<a href=\"http:\/\/www.javorszky.hu\/wordpress\/wp-content\/uploads\/2025\/03\/25-2025-kormanyrendelet.pdf\">&nbsp;29\/2025. sz\u00e1m\u00fa Korm\u00e1nyrendelet<\/a>&nbsp;alapj\u00e1n az EESZT&nbsp;<strong>digit\u00e1lis id\u0151pontfoglal\u00e1si rendszerben nincs,<\/strong>&nbsp;\u00edgy&nbsp;<strong><mark>b\u00e1rmely m\u00e1s int\u00e9zm\u00e9ny fogadja \u00d6n\u00f6ket!<\/mark><\/strong><\/p>\n\n\n\n<p><strong><mark style=\"background-color:rgba(0, 0, 0, 0)\" class=\"has-inline-color has-black-color\">Id\u0151pont egyeztet\u00e9s k\u00f6zponti<\/mark><\/strong> <strong>rendszerbe<\/strong> (JIR) :<strong><mark style=\"background-color:rgba(0, 0, 0, 0)\" class=\"has-inline-color has-vivid-cyan-blue-color\">+36 27 620 676; + 36 27 620 677<\/mark><\/strong><\/p>\n\n\n\n<p><strong>Email:<\/strong> <strong><mark style=\"background-color:rgba(0, 0, 0, 0)\" class=\"has-inline-color has-vivid-cyan-blue-color\">&#x65;&#x6c;&#x6f;&#x6a;&#x65;&#x67;&#x79;&#x7a;&#x65;&#x73;&#x40;&#x6a;&#x61;&#x76;&#x6f;&#x72;&#x73;&#x7a;&#x6b;&#x79;&#x2e;&#x68;&#117;<\/mark><\/strong><\/p>\n\n\n\n<p><strong>Szakrendel\u00e9s<\/strong> <strong><em>telefonsz\u00e1ma( nem id\u0151pont k\u00e9r\u00e9sre): +36 27\/620-620\/<\/em><\/strong><mark style=\"background-color:rgba(0, 0, 0, 0)\" class=\"has-inline-color has-vivid-cyan-blue-color\"><strong><em>1402<\/em><\/strong> <\/mark><strong><em>mell\u00e9k<\/em><\/strong><\/p>\n\n\n\n<p><strong>Rendel\u00e9s helye<\/strong>: Szakrendel\u0151 f\u00f6ldszint R048 <\/p>\n\n\n\n<p>Szem\u00e9lyes megjelen\u00e9s eset\u00e9n javaslat, laborat\u00f3riumi beutal\u00f3 kiad\u00e1s\u00e1ra is van lehet\u0151s\u00e9g !<\/p>\n\n\n\n<figure class=\"wp-block-table is-style-stripes\"><table class=\"has-pale-cyan-blue-background-color has-background\"><thead><tr><th><strong>Orvos<\/strong><\/th><th><strong>H\u00e9tf\u0151<\/strong><\/th><th><strong>Kedd<\/strong><\/th><th><strong>Szerda<\/strong><\/th><th><strong>Cs\u00fct\u00f6rt\u00f6k<\/strong><\/th><th><strong>P\u00e9ntek<\/strong><\/th><\/tr><\/thead><tbody><tr><td> <strong>Dr. Kun Istv\u00e1n<\/strong><br><strong><mark style=\"background-color:rgba(0, 0, 0, 0)\" class=\"has-inline-color has-vivid-red-color\">2026.04.30. cs\u00fct\u00f6rt\u00f6k\u00f6n a rendel\u00e9s sz\u00fcnetel.<\/mark><\/strong><\/td><td>    &#8211;<\/td><td><strong>8:00-14:00<\/strong><\/td><td>       &#8211;<\/td><td><strong>8:00-14:00<\/strong><\/td><td>      &#8211;<\/td><\/tr><tr><td><strong>Dr. El Batta Mishal&nbsp;<\/strong><\/td><td><strong>7:00-13:30<\/strong><\/td><td>       &#8211;  <\/td><td>&#8211;<\/td><td>        &#8211;<\/td><td><strong>7:00-12:00<\/strong><\/td><\/tr><\/tbody><\/table><\/figure>\n\n\n\n<hr class=\"wp-block-separator has-css-opacity\"\/>\n","protected":false},"excerpt":{"rendered":"<p>Az urol\u00f3giai szakrendel\u00e9s felkereshet\u0151 panaszok eset\u00e9n, sz\u0171r\u00e9s illetve \u00e1ltal\u00e1nos kivizsg\u00e1l\u00e1s c\u00e9lj\u00e1b\u00f3l. Panasz eset\u00e9n el\u0151sz\u00f6r a k\u00f3rel\u0151zm\u00e9nyek, a csal\u00e1dban el\u0151fordul\u00f3 betegs\u00e9gek, illetve a p\u00e1ciens \u00e1ltal\u00e1nos \u00e1llapot\u00e1nak felm\u00e9r\u00e9se t\u00f6rt\u00e9nik. Ezut\u00e1n t\u00f6rt\u00e9nik az \u00e1ltal\u00e1nos urol\u00f3giai vizsg\u00e1lat. Sz\u00fcks\u00e9g eset\u00e9n javaslatot tesz\u00fcnk a tov\u00e1bbi vizsg\u00e1latokra: v\u00e9r-\u00e9s vizeletvizsg\u00e1lat, ultrahangos \u00e9s egy\u00e9b k\u00e9palkot\u00f3 vizsg\u00e1latok, valamint tov\u00e1bbi szakorvosi konz\u00edliumok. Orvosok: Dr. Kun Istv\u00e1n [&hellip;]<\/p>\n","protected":false},"author":5,"featured_media":0,"parent":0,"menu_order":0,"comment_status":"closed","ping_status":"closed","template":"","meta":[],"_links":{"self":[{"href":"http:\/\/www.javorszky.hu\/wordpress\/index.php?rest_route=\/wp\/v2\/pages\/4128"}],"collection":[{"href":"http:\/\/www.javorszky.hu\/wordpress\/index.php?rest_route=\/wp\/v2\/pages"}],"about":[{"href":"http:\/\/www.javorszky.hu\/wordpress\/index.php?rest_route=\/wp\/v2\/types\/page"}],"author":[{"embeddable":true,"href":"http:\/\/www.javorszky.hu\/wordpress\/index.php?rest_route=\/wp\/v2\/users\/5"}],"replies":[{"embeddable":true,"href":"http:\/\/www.javorszky.hu\/wordpress\/index.php?rest_route=%2Fwp%2Fv2%2Fcomments&post=4128"}],"version-history":[{"count":92,"href":"http:\/\/www.javorszky.hu\/wordpress\/index.php?rest_route=\/wp\/v2\/pages\/4128\/revisions"}],"predecessor-version":[{"id":10010,"href":"http:\/\/www.javorszky.hu\/wordpress\/index.php?rest_route=\/wp\/v2\/pages\/4128\/revisions\/10010"}],"wp:attachment":[{"href":"http:\/\/www.javorszky.hu\/wordpress\/index.php?rest_route=%2Fwp%2Fv2%2Fmedia&parent=4128"}],"curies":[{"name":"wp","href":"https:\/\/api.w.org\/{rel}","templated":true}]}}