{"id":5002,"date":"2022-09-27T11:19:35","date_gmt":"2022-09-27T09:19:35","guid":{"rendered":"http:\/\/www.javorszky.hu\/wordpress\/?page_id=5002"},"modified":"2022-09-27T11:19:35","modified_gmt":"2022-09-27T09:19:35","slug":"terd-csipo-szakrendeles","status":"publish","type":"page","link":"http:\/\/www.javorszky.hu\/wordpress\/?page_id=5002","title":{"rendered":"T\u00e9rd- cs\u00edp\u0151 szakrendel\u00e9s"},"content":{"rendered":"\n<p><\/p>\n\n\n\n<p class=\"has-vivid-cyan-blue-color has-text-color\"><strong>Beutal\u00f3 \u00e9s el\u0151jegyz\u00e9s sz\u00fcks\u00e9ges<\/strong><\/p>\n\n\n\n<p><strong>Rendel\u00e9s helye: <\/strong><\/p>\n\n\n\n<p class=\"has-vivid-cyan-blue-color has-text-color\"><strong>Szakrendel\u0151 fszt R058<\/strong><\/p>\n\n\n\n<p><strong>El\u0151jegyz\u00e9s:<\/strong><\/p>\n\n\n\n<p class=\"has-vivid-cyan-blue-color has-text-color\"><strong>0627\/620-676; 0627\/620-677 vagy &#x65;&#108;o&#x6a;&#101;g&#x79;&#122;e&#x73;&#64;j&#x61;&#118;o&#x72;&#x73;z&#x6b;&#x79;&#46;&#x68;&#x75;<\/strong><\/p>\n\n\n\n<figure class=\"wp-block-table is-style-stripes\"><table class=\"has-pale-cyan-blue-background-color has-background\"><thead><tr><th><strong>Orvos<\/strong><\/th><th><strong>H\u00e9tf\u0151<\/strong><\/th><th><strong>Kedd<\/strong><\/th><th><strong>Szerda<\/strong><\/th><th><strong>Cs\u00fct\u00f6rt\u00f6k<\/strong><\/th><th><strong>P\u00e9ntek<\/strong><\/th><\/tr><\/thead><tbody><tr><td><strong>Dr. Horv\u00e1th Tam\u00e1s<\/strong><\/td><td><strong>9:30-12:00<\/strong><\/td><td><\/td><td><\/td><td><\/td><td><\/td><\/tr><tr><td><strong>Dr. Pesuth Andr\u00e1s<\/strong><\/td><td><\/td><td><\/td><td><\/td><td><strong>9:30-12:00<\/strong><\/td><td><\/td><\/tr><\/tbody><\/table><\/figure>\n","protected":false},"excerpt":{"rendered":"<p>Beutal\u00f3 \u00e9s el\u0151jegyz\u00e9s sz\u00fcks\u00e9ges Rendel\u00e9s helye: Szakrendel\u0151 fszt R058 El\u0151jegyz\u00e9s: 0627\/620-676; 0627\/620-677 vagy el&#111;&#106;&#101;&#x67;&#x79;&#x7a;&#x65;s&#64;&#106;&#97;&#118;&#x6f;&#x72;&#x73;&#x7a;ky&#46;&#104;&#117; Orvos H\u00e9tf\u0151 Kedd Szerda Cs\u00fct\u00f6rt\u00f6k P\u00e9ntek Dr. Horv\u00e1th Tam\u00e1s 9:30-12:00 Dr. Pesuth Andr\u00e1s 9:30-12:00<\/p>\n","protected":false},"author":5,"featured_media":0,"parent":0,"menu_order":0,"comment_status":"closed","ping_status":"closed","template":"","meta":[],"_links":{"self":[{"href":"http:\/\/www.javorszky.hu\/wordpress\/index.php?rest_route=\/wp\/v2\/pages\/5002"}],"collection":[{"href":"http:\/\/www.javorszky.hu\/wordpress\/index.php?rest_route=\/wp\/v2\/pages"}],"about":[{"href":"http:\/\/www.javorszky.hu\/wordpress\/index.php?rest_route=\/wp\/v2\/types\/page"}],"author":[{"embeddable":true,"href":"http:\/\/www.javorszky.hu\/wordpress\/index.php?rest_route=\/wp\/v2\/users\/5"}],"replies":[{"embeddable":true,"href":"http:\/\/www.javorszky.hu\/wordpress\/index.php?rest_route=%2Fwp%2Fv2%2Fcomments&post=5002"}],"version-history":[{"count":1,"href":"http:\/\/www.javorszky.hu\/wordpress\/index.php?rest_route=\/wp\/v2\/pages\/5002\/revisions"}],"predecessor-version":[{"id":5003,"href":"http:\/\/www.javorszky.hu\/wordpress\/index.php?rest_route=\/wp\/v2\/pages\/5002\/revisions\/5003"}],"wp:attachment":[{"href":"http:\/\/www.javorszky.hu\/wordpress\/index.php?rest_route=%2Fwp%2Fv2%2Fmedia&parent=5002"}],"curies":[{"name":"wp","href":"https:\/\/api.w.org\/{rel}","templated":true}]}}