{"id":7070,"date":"2024-05-06T14:13:24","date_gmt":"2024-05-06T12:13:24","guid":{"rendered":"https:\/\/www.javorszky.hu\/wordpress\/?page_id=7070"},"modified":"2025-04-01T09:12:21","modified_gmt":"2025-04-01T07:12:21","slug":"jir-hasznalata","status":"publish","type":"page","link":"http:\/\/www.javorszky.hu\/wordpress\/?page_id=7070","title":{"rendered":"J\u00e1r\u00f3beteg Ir\u00e1ny\u00edt\u00e1si Rendszer (JIR)"},"content":{"rendered":"\n<p><strong>Tisztelt Betegeink!<\/strong><\/p>\n\n\n\n<p>Int\u00e9zm\u00e9ny\u00fcnkben bevezet\u00e9sre ker\u00fclt az \u00faj, egys\u00e9ges J\u00e1r\u00f3beteg Ir\u00e1ny\u00edt\u00e1si Rendszer (JIR), amelynek c\u00e9lja, hogy betegeink szervezetten \u00e9s min\u00e9l gyorsabban kapjanak ell\u00e1t\u00e1st a szakrendel\u00e9sen.<\/p>\n\n\n\n<p><strong>A rendszer l\u00e9nyege, hogy a vizsg\u00e1latokra el\u0151zetesen id\u0151pontot lehet foglalni telefonon, szem\u00e9lyesen vagy az Eg\u00e9szs\u00e9gAblak mobilapplik\u00e1ci\u00f3 id\u0151pontfoglal\u00f3 men\u00fcpontj\u00e1ban<\/strong><strong>.<\/strong><\/p>\n\n\n\n<p>Az el\u0151jegyz\u00e9sre \u00e9rkez\u0151 betegek \u00e9rkez\u00e9skor h\u00faznak egy beh\u00edv\u00e1si sorsz\u00e1mot, majd a szakrendel\u00e9sen (az eddigi n\u00e9v szerinti sz\u00f3l\u00edt\u00e1s helyett) a sorsz\u00e1mmal h\u00edvj\u00e1k be \u0151ket<em>.( K\u00e9rj\u00fck, a sorsz\u00e1mot tartsa mag\u00e1n\u00e1l az ell\u00e1t\u00e1s befejez\u00e9s\u00e9ig!)<\/em> A szakrendel\u00e9sre a beh\u00edv\u00e1s \u00fagy t\u00f6rt\u00e9nik, hogy a hozott sorsz\u00e1m a <strong><em>betegt\u00e1j\u00e9koztat\u00f3 monitoron <\/em><\/strong>jelenik meg egy cseng\u0151 hang k\u00eds\u00e9ret\u00e9ben \u00e9s a monitor ki\u00edrja, hogy <strong>melyik ajt\u00f3n\u00e1l <\/strong>fogadj\u00e1k a beteget. Az \u00faj el\u0151jegyz\u00e9si rendszernek k\u00f6sz\u00f6nhet\u0151en cs\u00f6kkenhet a v\u00e1rakoz\u00e1si id\u0151 a szakrendel\u0151ben.<\/p>\n\n\n\n<p><strong>A JIR rendszert haszn\u00e1l\u00f3 szakrendel\u00e9sekre az Eg\u00e9szs\u00e9gablak applik\u00e1ci\u00f3n \u00e9s a 1812 telefonsz\u00e1mon kereszt\u00fcl is lehet id\u0151pontot foglalni, m\u00f3dos\u00edtani, vagy t\u00f6r\u00f6lni az id\u0151pontot. Az Eg\u00e9szs\u00e9gAblak \u00e9s a 1812 is haszn\u00e1lhat\u00f3 <u>mind a beutal\u00f3 n\u00e9lk\u00fcli ell\u00e1t\u00e1sok, mind az e-beutal\u00f3k eset\u00e9n.<\/u><\/strong> <\/p>\n\n\n\n<p class=\"has-text-align-center\"><a href=\"https:\/\/www.eeszt.gov.hu\/hu\/hasznos-tudnivalok-az-idopontfoglalasrol\" data-type=\"URL\" data-id=\"https:\/\/www.eeszt.gov.hu\/hu\/hasznos-tudnivalok-az-idopontfoglalasrol\">Inform\u00e1ci\u00f3 az applik\u00e1ci\u00f3 haszn\u00e1lat\u00e1r\u00f3l<\/a><\/p>\n\n\n<div class=\"wp-block-image\">\n<figure class=\"aligncenter size-full is-resized\"><a href=\"http:\/\/www.javorszky.hu\/wordpress\/wp-content\/uploads\/2024\/05\/D14469_t600x-002.jpg\"><img loading=\"lazy\" src=\"http:\/\/www.javorszky.hu\/wordpress\/wp-content\/uploads\/2024\/05\/D14469_t600x-002.jpg\" alt=\"\" class=\"wp-image-7137\" width=\"286\" height=\"243\" srcset=\"http:\/\/www.javorszky.hu\/wordpress\/wp-content\/uploads\/2024\/05\/D14469_t600x-002.jpg 600w, http:\/\/www.javorszky.hu\/wordpress\/wp-content\/uploads\/2024\/05\/D14469_t600x-002-300x255.jpg 300w\" sizes=\"(max-width: 286px) 100vw, 286px\" \/><\/a><\/figure><\/div>\n\n\n<p>Term\u00e9szetesen a fenti \u00faj id\u0151pontfoglal\u00e1si lehet\u0151s\u00e9gek mellett a kor\u00e1bbi lehet\u0151s\u00e9gek is megmaradtak.<\/p>\n\n\n\n<p>Szakrendel\u00e9seinkre t\u00f6rt\u00e9n\u0151 id\u0151pontk\u00e9r\u00e9s lehet\u0151s\u00e9gei:<\/p>\n\n\n\n<ul><li><mark style=\"background-color:rgba(0, 0, 0, 0)\" class=\"has-inline-color has-vivid-red-color\"><strong>szem\u00e9lyesen<\/strong><\/mark> a rendel\u0151int\u00e9zet bej\u00e1rat\u00e1n\u00e1l a Karton\u00f3z\u00f3 munkat\u00e1rsait\u00f3l k\u00e9rhet id\u0151pontot<\/li><li><strong><mark style=\"background-color:rgba(0, 0, 0, 0)\" class=\"has-inline-color has-vivid-red-color\">telefonon<\/mark><\/strong> munkanapokon <strong><em>7:00-14:45<\/em><\/strong> \u00f3ra k\u00f6z\u00f6tt <strong><em> 06 27 \/620-676<\/em><\/strong>   vagy  <strong><em>06 27\/620-677<\/em><\/strong><\/li><li><strong><mark style=\"background-color:rgba(0, 0, 0, 0)\" class=\"has-inline-color has-vivid-red-color\">emailen:\u00a0<\/mark><\/strong> <a href=\"&#x6d;&#x61;&#x69;&#x6c;&#116;&#111;&#58;el&#x6f;&#x6a;&#x65;&#x67;&#x79;&#101;&#115;&#64;ja&#x76;&#x6f;&#x72;&#x73;&#x7a;&#107;&#121;&#46;hu\">&#101;l&#x6f;j&#x65;g&#x79;z&#x65;&#115;&#x40;&#106;&#x61;&#118;&#x6f;&#114;s&#122;k&#x79;&#46;&#x68;u<\/a><\/li><\/ul>\n\n\n\n<p>A szem\u00e9lyesen, telefonon vagy e-mailben t\u00f6rt\u00e9n\u0151 id\u0151pontfoglal\u00e1shoz az al\u00e1bbi adatok megad\u00e1s\u00e1ra van sz\u00fcks\u00e9g, melyeket az id\u0151pontfoglal\u00e1s el\u0151tt k\u00e9r\u00fcnk el\u0151k\u00e9sz\u00edteni <em>(az Eg\u00e9szs\u00e9gAblak applik\u00e1ci\u00f3s foglal\u00e1sn\u00e1l ezekre nincs sz\u00fcks\u00e9g)<\/em><\/p>\n\n\n\n<ul><li>beteg neve<\/li><li>TAJ sz\u00e1m<\/li><li>sz\u00fclet\u00e9si d\u00e1tum<\/li><li>el\u00e9rhet\u0151s\u00e9ge (mobil, vezet\u00e9kes telefonsz\u00e1m vagy email c\u00edm \/ a ki\u00e9rtes\u00edt\u00e9shez id\u0151pontv\u00e1ltoz\u00e1s eset\u00e9n az el\u00e9rhet\u0151s\u00e9gre mindenk\u00e9ppen sz\u00fcks\u00e9g\u00fcnk van<\/li><\/ul>\n\n\n\n<p>A 1812 telefonsz\u00e1mon az al\u00e1bbi adatokat sz\u00fcks\u00e9ges megadni az el\u0151jegyz\u00e9st k\u00e9r\u0151 azonos\u00edt\u00e1s\u00e1hoz:<\/p>\n\n\n\n<ul><li>\u00e9desanyja nev\u00e9t<\/li><li>viselt n\u00e9v mellett a sz\u00fclet\u00e9si nevet<\/li><li>sz\u00fclet\u00e9s hely\u00e9t \u00e9s idej\u00e9t<\/li><\/ul>\n\n\n\n<p>K\u00e9rj\u00fck, az <strong><em><mark style=\"background-color:rgba(0, 0, 0, 0)\" class=\"has-inline-color has-vivid-red-color\">el\u0151jegyzett id\u0151pont el\u0151tt min. 15 perccel sz\u00edveskedjen \u00e9rkezni<\/mark>,<\/em><\/strong> hogy az informatikai rendszerben adatait egyeztethess\u00fck.<\/p>\n\n\n\n<p>A JIR rendszerhez a szakrendel\u00e9sek folyamatosan csatlakoznak, melyr\u0151l betegeinket a honlapon t\u00e1j\u00e9koztatjuk.<\/p>\n\n\n\n<p><strong>Rendel\u0151int\u00e9zet\u00fcnkben az al\u00e1bbi szakrendel\u00e9sek haszn\u00e1lj\u00e1k a JIR-t:<\/strong><\/p>\n\n\n\n<p style=\"line-height:1\">\u00b7&nbsp; \u00c1ltal\u00e1nos csecsem\u0151 \u00e9s gyermekgy\u00f3gy\u00e1szat<\/p>\n\n\n\n<p style=\"line-height:1\">\u00b7&nbsp; \u00c1ltal\u00e1nos f\u00fcl-orr g\u00e9g\u00e9szet<\/p>\n\n\n\n<p style=\"line-height:1\">\u00b7&nbsp; \u00c1ltal\u00e1nos seb\u00e9szet<\/p>\n\n\n\n<p style=\"line-height:1\">\u00b7&nbsp; \u00c1ltal\u00e1nos sz\u00fcl\u00e9szet-n\u0151gy\u00f3gy\u00e1szat<\/p>\n\n\n\n<p style=\"line-height:1\">\u00b7&nbsp; Aneszteziol\u00f3gia<\/p>\n\n\n\n<p>   Belgy\u00f3gy\u00e1szat<\/p>\n\n\n\n<p style=\"line-height:1\">\u00b7&nbsp; B\u0151r- \u00e9s nemibeteg ell\u00e1t\u00e1s<\/p>\n\n\n\n<p style=\"line-height:1\">\u00b7&nbsp; Csecsem\u0151 \u00e9s gyermekortop\u00e9dia<\/p>\n\n\n\n<p style=\"line-height:1\">\u00b7&nbsp; Diabetol\u00f3gia I.<\/p>\n\n\n\n<p style=\"line-height:1\">\u00b7&nbsp; Diabetol\u00f3gia II.<\/p>\n\n\n\n<p style=\"line-height:1\">\u00b7&nbsp; Echokardiographia<\/p>\n\n\n\n<p style=\"line-height:1\">\u00b7&nbsp; \u00c9rseb\u00e9szet<\/p>\n\n\n\n<p style=\"line-height:1\">\u00b7&nbsp; Fejf\u00e1j\u00e1s ambulancia<\/p>\n\n\n\n<p style=\"line-height:1\">\u00b7&nbsp; Gasztroenterol\u00f3gia I.<\/p>\n\n\n\n<p style=\"line-height:1\">\u00b7&nbsp; Gasztroenterol\u00f3gia III.<\/p>\n\n\n\n<p style=\"line-height:1\">\u00b7&nbsp; Gyermekkardiol\u00f3gia<\/p>\n\n\n\n<p style=\"line-height:1\">\u00b7&nbsp; Kardiol\u00f3gia I.<\/p>\n\n\n\n<p style=\"line-height:1\">\u00b7&nbsp; Kardiol\u00f3gia II.<\/p>\n\n\n\n<p style=\"line-height:1\">\u00b7&nbsp; K\u00e9palkot\u00f3 diagnosztika-R\u00f6ntgen<\/p>\n\n\n\n<p style=\"line-height:1\">\u00b7&nbsp; K\u00e9zseb\u00e9szet<\/p>\n\n\n\n<p style=\"line-height:1\">\u00b7&nbsp; Klinikai onkol\u00f3gia \u00e9s onkol\u00f3giai gondoz\u00f3<\/p>\n\n\n\n<p style=\"line-height:1\">\u00b7&nbsp; Menopausa \u00e9s oszteoporozis rendel\u00e9s (ODM)<\/p>\n\n\n\n<p style=\"line-height:1\">\u00b7&nbsp; Neurol\u00f3gia<\/p>\n\n\n\n<p style=\"line-height:1\">\u00b7\u00a0 N\u0151gy\u00f3gy\u00e1szati onkol\u00f3gia sz\u0171r\u00e9s<\/p>\n\n\n\n<p>   Pszichi\u00e1tria<\/p>\n\n\n\n<p style=\"line-height:1\">\u00b7\u00a0 Rheumatol\u00f3gia I.<\/p>\n\n\n\n<p>   Rehabilit\u00e1ci\u00f3<\/p>\n\n\n\n<p style=\"line-height:1\">\u00b7&nbsp; Szem\u00e9szet I.<\/p>\n\n\n\n<p style=\"line-height:1\">\u00b7&nbsp; Szem\u00e9szet II.<\/p>\n\n\n\n<p style=\"line-height:1\">\u00b7&nbsp; Terhestan\u00e1csad\u00e1s<\/p>\n\n\n\n<p style=\"line-height:1\">\u00b7&nbsp; Traumatol\u00f3gia<\/p>\n\n\n\n<p style=\"line-height:1\">\u00b7&nbsp; Urol\u00f3giai szakrendel\u00e9s<\/p>\n\n\n\n<p class=\"has-text-align-center\"><strong><mark style=\"background-color:rgba(0, 0, 0, 0)\" class=\"has-inline-color has-vivid-cyan-blue-color\">Betegir\u00e1ny\u00edt\u00f3 \u00e1llom\u00e1s haszn\u00e1lata<\/mark><\/strong><mark style=\"background-color:rgba(0, 0, 0, 0)\" class=\"has-inline-color has-vivid-cyan-blue-color\">(KIOSZK):<\/mark><\/p>\n\n\n\n<p>K\u00e9rj\u00fck, az <mark><mark style=\"background-color:#ffffff\" class=\"has-inline-color has-vivid-cyan-blue-color\"><strong>el\u0151jegyzett id\u0151pont el\u0151tt min. 15 perccel sz\u00edveskedjen \u00e9rkezni<\/strong><\/mark><\/mark><strong><em>,<\/em><\/strong> hogy az informatikai rendszerben adatait egyeztethess\u00fck.<\/p>\n\n\n\n<p>J\u00e1r\u00f3betegeink id\u0151pontra val\u00f3 \u00e9rkez\u00e9s sor\u00e1n a Rendel\u0151int\u00e9zetbe val\u00f3 bel\u00e9p\u00e9s ut\u00e1n a f\u00f6ldszinti Sorsz\u00e1mkiad\u00f3 automat\u00e1kn\u00e1l (KIOSZK) tudnak bejelentkezni, egy\u00fattal sorsz\u00e1mot is h\u00fazni. A bej\u00e1ratt\u00f3l jobbra \u00e9s balra is tal\u00e1lhat\u00f3 egy-egy KIOSZK.<\/p>\n\n\n\n<p>A KIOSZK-n\u00e1l a \u201eBetegfelv\u00e9telre megyek\u201d men\u00fcpontot v\u00e1lasztva tud bejelentkezni. Amennyiben<strong> fix id\u0151pontra<\/strong> j\u00f6n v\u00e1lassza<strong><em> \u201eEl\u0151jegyz\u00e9sre \u00e9rkeztem\u201d<\/em><\/strong> men\u00fc pontot, ahol TAJ sz\u00e1m megad\u00e1s\u00e1t k\u00f6vet\u0151en kap egy sorsz\u00e1mot.<\/p>\n\n\n\n<p>Ha m\u00e9g nincs id\u0151pontja, de id\u0151pontot szeretne foglalni k\u00e9s\u0151bbi alkalomra, k\u00e9rj\u00fck, hogy f\u00e1radjon a Kartonoz\u00f3hoz, ahol sz\u00f3l\u00edt\u00e1st k\u00f6vet\u0151en koll\u00e9g\u00e1ink t\u00e1j\u00e9koztatj\u00e1k \u00d6nt az aktu\u00e1lis el\u0151jegyz\u00e9si id\u0151pontok fel\u0151l.<\/p>\n\n\n\n<p class=\"has-text-align-center\">Meg\u00e9rkez\u00e9sekor \u00d6n a k\u00f6vetkez\u0151 opci\u00f3k k\u00f6z\u00fcl v\u00e1laszthat:<\/p>\n\n\n<div class=\"wp-block-image\">\n<figure class=\"aligncenter size-large is-resized\"><a href=\"https:\/\/www.javorszky.hu\/wordpress\/wp-content\/uploads\/2024\/05\/K1-scaled.jpg\"><img loading=\"lazy\" src=\"https:\/\/www.javorszky.hu\/wordpress\/wp-content\/uploads\/2024\/05\/K1-605x1024.jpg\" alt=\"\" class=\"wp-image-7071\" width=\"289\" height=\"489\" srcset=\"http:\/\/www.javorszky.hu\/wordpress\/wp-content\/uploads\/2024\/05\/K1-605x1024.jpg 605w, http:\/\/www.javorszky.hu\/wordpress\/wp-content\/uploads\/2024\/05\/K1-177x300.jpg 177w, http:\/\/www.javorszky.hu\/wordpress\/wp-content\/uploads\/2024\/05\/K1-768x1299.jpg 768w, http:\/\/www.javorszky.hu\/wordpress\/wp-content\/uploads\/2024\/05\/K1-908x1536.jpg 908w, http:\/\/www.javorszky.hu\/wordpress\/wp-content\/uploads\/2024\/05\/K1-1211x2048.jpg 1211w, http:\/\/www.javorszky.hu\/wordpress\/wp-content\/uploads\/2024\/05\/K1-scaled.jpg 1513w\" sizes=\"(max-width: 289px) 100vw, 289px\" \/><\/a><\/figure><\/div>\n\n\n<p> <\/p>\n\n\n\n<p>I. <strong>Betegfelv\u00e9telre megyek<\/strong> men\u00fc pont kiv\u00e1laszt\u00e1sa sor\u00e1n \u00d6n egy sorsz\u00e1mot kap, mellyel a Kartonoz\u00f3ban dolgoz\u00f3 koll\u00e9ga adategyeztet\u00e9st k\u00f6vet\u0151en szakrendel\u00e9sre ir\u00e1ny\u00edtja \u00d6nt.<\/p>\n\n\n\n<p class=\"has-text-align-center\"><strong><mark style=\"background-color:rgba(0, 0, 0, 0)\" class=\"has-inline-color has-vivid-cyan-blue-color\">Sorsz\u00e1mot minden esetben, am\u00edg a szakrendel\u0151ben tart\u00f3zkodik k\u00e9rj\u00fck, tartsa mag\u00e1n\u00e1l!<\/mark><\/strong><\/p>\n\n\n<div class=\"wp-block-image\">\n<figure class=\"aligncenter size-large is-resized\"><a href=\"https:\/\/www.javorszky.hu\/wordpress\/wp-content\/uploads\/2024\/05\/K2-scaled.jpg\"><img loading=\"lazy\" src=\"https:\/\/www.javorszky.hu\/wordpress\/wp-content\/uploads\/2024\/05\/K2-616x1024.jpg\" alt=\"\" class=\"wp-image-7072\" width=\"289\" height=\"481\" srcset=\"http:\/\/www.javorszky.hu\/wordpress\/wp-content\/uploads\/2024\/05\/K2-616x1024.jpg 616w, http:\/\/www.javorszky.hu\/wordpress\/wp-content\/uploads\/2024\/05\/K2-180x300.jpg 180w, http:\/\/www.javorszky.hu\/wordpress\/wp-content\/uploads\/2024\/05\/K2-768x1277.jpg 768w, http:\/\/www.javorszky.hu\/wordpress\/wp-content\/uploads\/2024\/05\/K2-924x1536.jpg 924w, http:\/\/www.javorszky.hu\/wordpress\/wp-content\/uploads\/2024\/05\/K2-1232x2048.jpg 1232w, http:\/\/www.javorszky.hu\/wordpress\/wp-content\/uploads\/2024\/05\/K2-scaled.jpg 1540w\" sizes=\"(max-width: 289px) 100vw, 289px\" \/><\/a><\/figure><\/div>\n\n\n<p>II. <strong>El\u0151jegyz\u00e9sre \u00e9rkeztem<\/strong> men\u00fc pont kiv\u00e1laszt\u00e1sa ut\u00e1n k\u00e9rj\u00fck, hogy adja meg TAJ sz\u00e1m\u00e1t, majd a Bevitel gomb megnyom\u00e1s\u00e1t k\u00f6vet\u0151en az automata kiadja sorsz\u00e1m\u00e1t. <\/p>\n\n\n\n<p>Felh\u00edvjuk figyelm\u00e9t, hogy ezt az opci\u00f3t csak akkor tudja haszn\u00e1lni, ha az el\u0151jegyzett id\u0151pontja m\u00e9g nem telt el. Abban az esteben, ha \u00d6n a lefoglalt id\u0151pontja ut\u00e1n \u00e9rkezik, m\u00e1r csak a &#8220;Betegfelv\u00e9telre megyek&#8221; men\u00fct v\u00e1laszthatja!<\/p>\n\n\n\n<div class=\"wp-container-2 wp-block-columns\">\n<div class=\"wp-container-1 wp-block-column\" style=\"flex-basis:100%\"><div class=\"wp-block-image\">\n<figure class=\"aligncenter size-large is-resized\"><a href=\"https:\/\/www.javorszky.hu\/wordpress\/wp-content\/uploads\/2024\/05\/K3-scaled.jpg\"><img loading=\"lazy\" src=\"https:\/\/www.javorszky.hu\/wordpress\/wp-content\/uploads\/2024\/05\/K3-619x1024.jpg\" alt=\"\" class=\"wp-image-7074\" width=\"304\" height=\"503\" srcset=\"http:\/\/www.javorszky.hu\/wordpress\/wp-content\/uploads\/2024\/05\/K3-619x1024.jpg 619w, http:\/\/www.javorszky.hu\/wordpress\/wp-content\/uploads\/2024\/05\/K3-181x300.jpg 181w, http:\/\/www.javorszky.hu\/wordpress\/wp-content\/uploads\/2024\/05\/K3-768x1270.jpg 768w, http:\/\/www.javorszky.hu\/wordpress\/wp-content\/uploads\/2024\/05\/K3-929x1536.jpg 929w, http:\/\/www.javorszky.hu\/wordpress\/wp-content\/uploads\/2024\/05\/K3-1239x2048.jpg 1239w, http:\/\/www.javorszky.hu\/wordpress\/wp-content\/uploads\/2024\/05\/K3-scaled.jpg 1548w\" sizes=\"(max-width: 304px) 100vw, 304px\" \/><\/a><figcaption>Els\u0151 l\u00e9p\u00e9s<\/figcaption><\/figure><\/div><\/div>\n<\/div>\n\n\n<div class=\"wp-block-image\">\n<figure class=\"aligncenter size-large is-resized\"><a href=\"https:\/\/www.javorszky.hu\/wordpress\/wp-content\/uploads\/2024\/05\/K4-1-scaled.jpg\"><img loading=\"lazy\" src=\"https:\/\/www.javorszky.hu\/wordpress\/wp-content\/uploads\/2024\/05\/K4-1-609x1024.jpg\" alt=\"\" class=\"wp-image-7075\" width=\"288\" height=\"484\" srcset=\"http:\/\/www.javorszky.hu\/wordpress\/wp-content\/uploads\/2024\/05\/K4-1-609x1024.jpg 609w, http:\/\/www.javorszky.hu\/wordpress\/wp-content\/uploads\/2024\/05\/K4-1-178x300.jpg 178w, http:\/\/www.javorszky.hu\/wordpress\/wp-content\/uploads\/2024\/05\/K4-1-768x1292.jpg 768w, http:\/\/www.javorszky.hu\/wordpress\/wp-content\/uploads\/2024\/05\/K4-1-913x1536.jpg 913w, http:\/\/www.javorszky.hu\/wordpress\/wp-content\/uploads\/2024\/05\/K4-1-1217x2048.jpg 1217w, http:\/\/www.javorszky.hu\/wordpress\/wp-content\/uploads\/2024\/05\/K4-1-scaled.jpg 1522w\" sizes=\"(max-width: 288px) 100vw, 288px\" \/><\/a><figcaption>M\u00e1sodik l\u00e9p\u00e9s<\/figcaption><\/figure><\/div>\n\n<div class=\"wp-block-image\">\n<figure class=\"aligncenter size-large is-resized\"><a href=\"https:\/\/www.javorszky.hu\/wordpress\/wp-content\/uploads\/2024\/05\/K5-scaled.jpg\"><img loading=\"lazy\" src=\"https:\/\/www.javorszky.hu\/wordpress\/wp-content\/uploads\/2024\/05\/K5-617x1024.jpg\" alt=\"\" class=\"wp-image-7076\" width=\"316\" height=\"524\" srcset=\"http:\/\/www.javorszky.hu\/wordpress\/wp-content\/uploads\/2024\/05\/K5-617x1024.jpg 617w, http:\/\/www.javorszky.hu\/wordpress\/wp-content\/uploads\/2024\/05\/K5-181x300.jpg 181w, http:\/\/www.javorszky.hu\/wordpress\/wp-content\/uploads\/2024\/05\/K5-768x1275.jpg 768w, http:\/\/www.javorszky.hu\/wordpress\/wp-content\/uploads\/2024\/05\/K5-926x1536.jpg 926w, http:\/\/www.javorszky.hu\/wordpress\/wp-content\/uploads\/2024\/05\/K5-1234x2048.jpg 1234w, http:\/\/www.javorszky.hu\/wordpress\/wp-content\/uploads\/2024\/05\/K5-scaled.jpg 1543w\" sizes=\"(max-width: 316px) 100vw, 316px\" \/><\/a><figcaption>Harmadik l\u00e9p\u00e9s<\/figcaption><\/figure><\/div>\n\n\n<p>Kartonoz\u00f3 jobb oldali fal\u00e1n l\u00e9v\u0151 monitort figyelve v\u00e1rakozzon, am\u00edg a kijelz\u0151n megjelenik az \u00d6n sorsz\u00e1ma. Att\u00f3l f\u00fcgg\u0151en melyik ablak h\u00edvja \u00d6nt, k\u00e9rj\u00fck, hogy f\u00e1radjon \u00fcgyint\u00e9z\u0151nkh\u00f6z. <\/p>\n\n\n\n<p class=\"has-text-align-center\"><mark style=\"background-color:rgba(0, 0, 0, 0)\" class=\"has-inline-color has-vivid-cyan-blue-color\"><strong>Sorsz\u00e1mot minden esetben, am\u00edg a szakrendel\u0151ben tart\u00f3zkodik k\u00e9rj\u00fck, tartsa mag\u00e1n\u00e1l!<\/strong><\/mark><\/p>\n\n\n\n<p class=\"has-text-align-center\"><strong>K\u00e9rd\u00e9s eset\u00e9n b\u00e1tran forduljon a Kartonoz\u00f3 ablak\u00e1ban ( BFI-1, BFI-4) dolgoz\u00f3k valamelyik\u00e9hez vagy a Port\u00e1n szolg\u00e1latot teljes\u00edt\u0151 koll\u00e9g\u00e1hoz!<\/strong><\/p>\n","protected":false},"excerpt":{"rendered":"<p>Tisztelt Betegeink! Int\u00e9zm\u00e9ny\u00fcnkben bevezet\u00e9sre ker\u00fclt az \u00faj, egys\u00e9ges J\u00e1r\u00f3beteg Ir\u00e1ny\u00edt\u00e1si Rendszer (JIR), amelynek c\u00e9lja, hogy betegeink szervezetten \u00e9s min\u00e9l gyorsabban kapjanak ell\u00e1t\u00e1st a szakrendel\u00e9sen. A rendszer l\u00e9nyege, hogy a vizsg\u00e1latokra el\u0151zetesen id\u0151pontot lehet foglalni telefonon, szem\u00e9lyesen vagy az Eg\u00e9szs\u00e9gAblak mobilapplik\u00e1ci\u00f3 id\u0151pontfoglal\u00f3 men\u00fcpontj\u00e1ban. Az el\u0151jegyz\u00e9sre \u00e9rkez\u0151 betegek \u00e9rkez\u00e9skor h\u00faznak egy beh\u00edv\u00e1si sorsz\u00e1mot, majd a szakrendel\u00e9sen (az [&hellip;]<\/p>\n","protected":false},"author":5,"featured_media":0,"parent":0,"menu_order":0,"comment_status":"closed","ping_status":"closed","template":"","meta":[],"_links":{"self":[{"href":"http:\/\/www.javorszky.hu\/wordpress\/index.php?rest_route=\/wp\/v2\/pages\/7070"}],"collection":[{"href":"http:\/\/www.javorszky.hu\/wordpress\/index.php?rest_route=\/wp\/v2\/pages"}],"about":[{"href":"http:\/\/www.javorszky.hu\/wordpress\/index.php?rest_route=\/wp\/v2\/types\/page"}],"author":[{"embeddable":true,"href":"http:\/\/www.javorszky.hu\/wordpress\/index.php?rest_route=\/wp\/v2\/users\/5"}],"replies":[{"embeddable":true,"href":"http:\/\/www.javorszky.hu\/wordpress\/index.php?rest_route=%2Fwp%2Fv2%2Fcomments&post=7070"}],"version-history":[{"count":14,"href":"http:\/\/www.javorszky.hu\/wordpress\/index.php?rest_route=\/wp\/v2\/pages\/7070\/revisions"}],"predecessor-version":[{"id":8411,"href":"http:\/\/www.javorszky.hu\/wordpress\/index.php?rest_route=\/wp\/v2\/pages\/7070\/revisions\/8411"}],"wp:attachment":[{"href":"http:\/\/www.javorszky.hu\/wordpress\/index.php?rest_route=%2Fwp%2Fv2%2Fmedia&parent=7070"}],"curies":[{"name":"wp","href":"https:\/\/api.w.org\/{rel}","templated":true}]}}